{"id":12,"date":"2018-02-08T15:18:31","date_gmt":"2018-02-08T14:18:31","guid":{"rendered":"http:\/\/verlacher-hof.de\/web\/?page_id=12"},"modified":"2025-04-16T16:14:46","modified_gmt":"2025-04-16T14:14:46","slug":"unser-hof","status":"publish","type":"page","link":"https:\/\/verlacher-hof.de\/web\/unser-hof\/","title":{"rendered":"Unser Hof"},"content":{"rendered":"<p><div class=\"fusion-fullwidth fullwidth-box fusion-builder-row-1 fusion-parallax-none hundred-percent-fullwidth non-hundred-percent-height-scrolling lazyload\" style=\"--awb-border-radius-top-left:0px;--awb-border-radius-top-right:0px;--awb-border-radius-bottom-right:0px;--awb-border-radius-bottom-left:0px;--awb-background-size:cover;--awb-flex-wrap:wrap;\" data-bg=\"http:\/\/verlacher-hof.de\/web\/wp-content\/uploads\/2018\/02\/header_hof.jpg\" ><div class=\"fusion-builder-row fusion-row\"><div class=\"fusion-layout-column fusion_builder_column fusion-builder-column-0 fusion_builder_column_1_1 1_1 fusion-one-full fusion-column-first fusion-column-last header-h1\" style=\"--awb-padding-top:300px;--awb-padding-bottom:200px;--awb-bg-size:cover;\"><div class=\"fusion-column-wrapper fusion-flex-column-wrapper-legacy\"><div class=\"fusion-text fusion-text-1\"><h1 style=\"text-align: center;\">Der Verlacher Hof<\/h1>\n<\/div><div class=\"fusion-clearfix\"><\/div><\/div><\/div><\/div><\/div><div id=\"lage\" class=\"fusion-container-anchor\"><div class=\"fusion-fullwidth fullwidth-box fusion-builder-row-2 nonhundred-percent-fullwidth non-hundred-percent-height-scrolling\" style=\"--awb-border-radius-top-left:0px;--awb-border-radius-top-right:0px;--awb-border-radius-bottom-right:0px;--awb-border-radius-bottom-left:0px;--awb-flex-wrap:wrap;\" ><div class=\"fusion-builder-row fusion-row\"><div class=\"fusion-layout-column fusion_builder_column fusion-builder-column-1 fusion_builder_column_1_1 1_1 fusion-one-full fusion-column-first fusion-column-last\" style=\"--awb-bg-size:cover;\"><div class=\"fusion-column-wrapper fusion-flex-column-wrapper-legacy\"><div class=\"fusion-sep-clear\"><\/div><div class=\"fusion-separator fusion-full-width-sep\" style=\"margin-left: auto;margin-right: auto;margin-bottom:50px;width:100%;\"><\/div><div class=\"fusion-sep-clear\"><\/div><div class=\"fusion-title title fusion-title-1 fusion-title-center fusion-title-text fusion-title-size-one\" style=\"--awb-margin-top-small:10px;--awb-margin-right-small:0px;--awb-margin-bottom-small:10px;--awb-margin-left-small:0px;--awb-sep-color:#13457e;\"><div class=\"title-sep-container title-sep-container-left\"><div class=\"title-sep sep-double sep-solid\" style=\"border-color:#13457e;\"><\/div><\/div><span class=\"awb-title-spacer\"><\/span><h1 class=\"fusion-title-heading title-heading-center fusion-responsive-typography-calculated\" style=\"margin:0;--fontSize:38;line-height:1.4;\">Hier liegt der Verlacher Hof<\/h1><span class=\"awb-title-spacer\"><\/span><div class=\"title-sep-container title-sep-container-right\"><div class=\"title-sep sep-double sep-solid\" style=\"border-color:#13457e;\"><\/div><\/div><\/div><div class=\"fusion-clearfix\"><\/div><\/div><\/div><\/div><\/div><\/div><div class=\"fusion-fullwidth fullwidth-box fusion-builder-row-3 nonhundred-percent-fullwidth non-hundred-percent-height-scrolling\" style=\"--awb-border-radius-top-left:0px;--awb-border-radius-top-right:0px;--awb-border-radius-bottom-right:0px;--awb-border-radius-bottom-left:0px;--awb-margin-bottom:30px;--awb-flex-wrap:wrap;\" ><div class=\"fusion-builder-row fusion-row\"><div class=\"fusion-layout-column fusion_builder_column fusion-builder-column-2 fusion_builder_column_1_2 1_2 fusion-one-half fusion-column-first\" style=\"--awb-bg-size:cover;width:50%;width:calc(50% - ( ( 4% ) * 0.5 ) );margin-right: 4%;\"><div class=\"fusion-column-wrapper fusion-flex-column-wrapper-legacy\"><div class=\"fusion-image-element in-legacy-container\" style=\"--awb-bottom-shadow-color:rgba(0,0,0,0.4);--awb-caption-title-font-family:var(--h2_typography-font-family);--awb-caption-title-font-weight:var(--h2_typography-font-weight);--awb-caption-title-font-style:var(--h2_typography-font-style);--awb-caption-title-size:var(--h2_typography-font-size);--awb-caption-title-transform:var(--h2_typography-text-transform);--awb-caption-title-line-height:var(--h2_typography-line-height);--awb-caption-title-letter-spacing:var(--h2_typography-letter-spacing);\"><div class=\"awb-image-frame awb-image-frame-1 imageframe-liftup awb-bottomshadow\"><span class=\" fusion-imageframe imageframe-bottomshadow imageframe-1\"><a href=\"http:\/\/verlacher-hof.de\/web\/wp-content\/uploads\/2018\/02\/verlach_luftbild_lage.jpg\" class=\"fusion-lightbox\" data-rel=\"iLightbox[61854f1d2a8e618f405]\" data-title=\"Verlacher Hof Luftbild\" title=\"Verlacher Hof Luftbild\"><img decoding=\"async\" width=\"1152\" height=\"648\" src=\"https:\/\/verlacher-hof.de\/web\/wp-content\/uploads\/2018\/02\/verlach_luftbild_lage.jpg\" data-orig-src=\"http:\/\/verlacher-hof.de\/web\/wp-content\/uploads\/2018\/02\/verlach_luftbild_lage.jpg\" alt class=\"lazyload img-responsive wp-image-162\" srcset=\"data:image\/svg+xml,%3Csvg%20xmlns%3D%27http%3A%2F%2Fwww.w3.org%2F2000%2Fsvg%27%20width%3D%271152%27%20height%3D%27648%27%20viewBox%3D%270%200%201152%20648%27%3E%3Crect%20width%3D%271152%27%20height%3D%27648%27%20fill-opacity%3D%220%22%2F%3E%3C%2Fsvg%3E\" data-srcset=\"https:\/\/verlacher-hof.de\/web\/wp-content\/uploads\/2018\/02\/verlach_luftbild_lage-200x113.jpg 200w, https:\/\/verlacher-hof.de\/web\/wp-content\/uploads\/2018\/02\/verlach_luftbild_lage-400x225.jpg 400w, https:\/\/verlacher-hof.de\/web\/wp-content\/uploads\/2018\/02\/verlach_luftbild_lage-600x338.jpg 600w, https:\/\/verlacher-hof.de\/web\/wp-content\/uploads\/2018\/02\/verlach_luftbild_lage-800x450.jpg 800w, https:\/\/verlacher-hof.de\/web\/wp-content\/uploads\/2018\/02\/verlach_luftbild_lage.jpg 1152w\" data-sizes=\"auto\" data-orig-sizes=\"(max-width: 800px) 100vw, 800px\" \/><\/a><\/span><svg xmlns=\"http:\/\/www.w3.org\/2000\/svg\" version=\"1.1\" width=\"100%\" viewBox=\"0 0 600 28\" preserveAspectRatio=\"none\"><g clip-path=\"url(#a)\"><mask id=\"b\" style=\"mask-type:luminance\" maskUnits=\"userSpaceOnUse\" x=\"0\" y=\"0\" width=\"600\" height=\"28\"><path d=\"M0 0h600v28H0V0Z\" fill=\"#fff\"\/><\/mask><g filter=\"url(#c)\" mask=\"url(#b)\"><path d=\"M16.439-18.667h567.123v30.8S438.961-8.4 300-8.4C161.04-8.4 16.438 12.133 16.438 12.133v-30.8Z\" fill=\"#000\"\/><\/g><\/g><defs><clipPath id=\"a\"><path fill=\"#fff\" d=\"M0 0h600v28H0z\"\/><\/clipPath><filter id=\"c\" x=\"5.438\" y=\"-29.667\" width=\"589.123\" height=\"52.8\" filterUnits=\"userSpaceOnUse\" color-interpolation-filters=\"sRGB\"><feFlood flood-opacity=\"0\" result=\"BackgroundImageFix\"\/><feBlend in=\"SourceGraphic\" in2=\"BackgroundImageFix\" result=\"shape\"\/><feGaussianBlur stdDeviation=\"5.5\" result=\"effect1_foregroundBlur_3983_183\"\/><\/filter><\/defs><\/svg><\/div><\/div><div class=\"fusion-clearfix\"><\/div><\/div><\/div><div class=\"fusion-layout-column fusion_builder_column fusion-builder-column-3 fusion_builder_column_1_2 1_2 fusion-one-half fusion-column-last\" style=\"--awb-bg-size:cover;width:50%;width:calc(50% - ( ( 4% ) * 0.5 ) );\"><div class=\"fusion-column-wrapper fusion-flex-column-wrapper-legacy\"><div class=\"fusion-text fusion-text-2\"><h2>Umgeben von Weiden, Wiesen und Feldern.<\/h2>\n<p>Die geografische Lage ist das \u201eDrei-St\u00e4dte-Eck\u201c. Wo die St\u00e4dte Solingen, Langenfeld und Hilden mit Ihren Grenzen aufeinandertreffen, befindet sich auf dem westlichsten Zipfel Solingens der Verlacher Hof.<\/p>\n<p>Der Hof ist umgeben von Weiden, Wiesen und W\u00e4ldern. Die ersten Ansiedlungen befinden sich in ca. 500 m Entfernung auf Hildener Gebiet.<\/p>\n<\/div><div class=\"fusion-clearfix\"><\/div><\/div><\/div><\/div><\/div><div class=\"fusion-fullwidth fullwidth-box fusion-builder-row-4 nonhundred-percent-fullwidth non-hundred-percent-height-scrolling\" style=\"--awb-border-radius-top-left:0px;--awb-border-radius-top-right:0px;--awb-border-radius-bottom-right:0px;--awb-border-radius-bottom-left:0px;--awb-margin-bottom:30px;--awb-background-color:rgba(255,255,255,0);--awb-flex-wrap:wrap;\" ><div class=\"fusion-builder-row fusion-row\"><div class=\"fusion-layout-column fusion_builder_column fusion-builder-column-4 fusion_builder_column_1_2 1_2 fusion-one-half fusion-column-first\" style=\"--awb-bg-size:cover;width:50%;width:calc(50% - ( ( 4% ) * 0.5 ) );margin-right: 4%;\"><div class=\"fusion-column-wrapper fusion-flex-column-wrapper-legacy\"><div class=\"fusion-text fusion-text-3\"><h2>Gutes Reitwegenetz<\/h2>\n<p>Der Verlacher Hof bietet beste Ausreitm\u00f6glichkeiten. Das Solinger Reitwegenetz f\u00fchrt am Hof vorbei und verbindet die Reitwege nach Hilden und Langenfeld. Ausreiten ist somit ohne \u00dcberquerung einer \u00f6ffentlichen Stra\u00dfe m\u00f6glich!<\/p>\n<\/div><div class=\"fusion-clearfix\"><\/div><\/div><\/div><div class=\"fusion-layout-column fusion_builder_column fusion-builder-column-5 fusion_builder_column_1_2 1_2 fusion-one-half fusion-column-last\" style=\"--awb-bg-size:cover;width:50%;width:calc(50% - ( ( 4% ) * 0.5 ) );\"><div class=\"fusion-column-wrapper fusion-flex-column-wrapper-legacy\"><div class=\"fusion-image-element in-legacy-container\" style=\"--awb-bottom-shadow-color:rgba(0,0,0,0.4);--awb-caption-title-font-family:var(--h2_typography-font-family);--awb-caption-title-font-weight:var(--h2_typography-font-weight);--awb-caption-title-font-style:var(--h2_typography-font-style);--awb-caption-title-size:var(--h2_typography-font-size);--awb-caption-title-transform:var(--h2_typography-text-transform);--awb-caption-title-line-height:var(--h2_typography-line-height);--awb-caption-title-letter-spacing:var(--h2_typography-letter-spacing);\"><div class=\"awb-image-frame awb-image-frame-2 imageframe-liftup awb-bottomshadow\"><span class=\" fusion-imageframe imageframe-bottomshadow imageframe-2\"><a href=\"http:\/\/verlacher-hof.de\/web\/wp-content\/uploads\/2018\/02\/verlach_reitwegenetz.jpg\" class=\"fusion-lightbox\" data-rel=\"iLightbox[bf70f1074e207cc728e]\" data-title=\"verlach_reitwegenetz\" title=\"verlach_reitwegenetz\"><img decoding=\"async\" width=\"1152\" height=\"648\" src=\"https:\/\/verlacher-hof.de\/web\/wp-content\/uploads\/2018\/02\/verlach_reitwegenetz.jpg\" data-orig-src=\"http:\/\/verlacher-hof.de\/web\/wp-content\/uploads\/2018\/02\/verlach_reitwegenetz.jpg\" alt class=\"lazyload img-responsive wp-image-172\" srcset=\"data:image\/svg+xml,%3Csvg%20xmlns%3D%27http%3A%2F%2Fwww.w3.org%2F2000%2Fsvg%27%20width%3D%271152%27%20height%3D%27648%27%20viewBox%3D%270%200%201152%20648%27%3E%3Crect%20width%3D%271152%27%20height%3D%27648%27%20fill-opacity%3D%220%22%2F%3E%3C%2Fsvg%3E\" data-srcset=\"https:\/\/verlacher-hof.de\/web\/wp-content\/uploads\/2018\/02\/verlach_reitwegenetz-200x113.jpg 200w, https:\/\/verlacher-hof.de\/web\/wp-content\/uploads\/2018\/02\/verlach_reitwegenetz-400x225.jpg 400w, https:\/\/verlacher-hof.de\/web\/wp-content\/uploads\/2018\/02\/verlach_reitwegenetz-600x338.jpg 600w, https:\/\/verlacher-hof.de\/web\/wp-content\/uploads\/2018\/02\/verlach_reitwegenetz-800x450.jpg 800w, https:\/\/verlacher-hof.de\/web\/wp-content\/uploads\/2018\/02\/verlach_reitwegenetz.jpg 1152w\" data-sizes=\"auto\" data-orig-sizes=\"(max-width: 800px) 100vw, 800px\" \/><\/a><\/span><svg xmlns=\"http:\/\/www.w3.org\/2000\/svg\" version=\"1.1\" width=\"100%\" viewBox=\"0 0 600 28\" preserveAspectRatio=\"none\"><g clip-path=\"url(#a)\"><mask id=\"b\" style=\"mask-type:luminance\" maskUnits=\"userSpaceOnUse\" x=\"0\" y=\"0\" width=\"600\" height=\"28\"><path d=\"M0 0h600v28H0V0Z\" fill=\"#fff\"\/><\/mask><g filter=\"url(#c)\" mask=\"url(#b)\"><path d=\"M16.439-18.667h567.123v30.8S438.961-8.4 300-8.4C161.04-8.4 16.438 12.133 16.438 12.133v-30.8Z\" fill=\"#000\"\/><\/g><\/g><defs><clipPath id=\"a\"><path fill=\"#fff\" d=\"M0 0h600v28H0z\"\/><\/clipPath><filter id=\"c\" x=\"5.438\" y=\"-29.667\" width=\"589.123\" height=\"52.8\" filterUnits=\"userSpaceOnUse\" color-interpolation-filters=\"sRGB\"><feFlood flood-opacity=\"0\" result=\"BackgroundImageFix\"\/><feBlend in=\"SourceGraphic\" in2=\"BackgroundImageFix\" result=\"shape\"\/><feGaussianBlur stdDeviation=\"5.5\" result=\"effect1_foregroundBlur_3983_183\"\/><\/filter><\/defs><\/svg><\/div><\/div><div class=\"fusion-clearfix\"><\/div><\/div><\/div><\/div><\/div><div class=\"fusion-fullwidth fullwidth-box fusion-builder-row-5 nonhundred-percent-fullwidth non-hundred-percent-height-scrolling\" style=\"--awb-border-radius-top-left:0px;--awb-border-radius-top-right:0px;--awb-border-radius-bottom-right:0px;--awb-border-radius-bottom-left:0px;--awb-background-color:rgba(255,255,255,0);--awb-flex-wrap:wrap;\" ><div class=\"fusion-builder-row fusion-row\"><div class=\"fusion-layout-column fusion_builder_column fusion-builder-column-6 fusion_builder_column_1_2 1_2 fusion-one-half fusion-column-first\" style=\"--awb-bg-size:cover;width:50%;width:calc(50% - ( ( 4% ) * 0.5 ) );margin-right: 4%;\"><div class=\"fusion-column-wrapper fusion-flex-column-wrapper-legacy\"><div class=\"fusion-image-element in-legacy-container\" style=\"--awb-bottom-shadow-color:rgba(0,0,0,0.4);--awb-caption-title-font-family:var(--h2_typography-font-family);--awb-caption-title-font-weight:var(--h2_typography-font-weight);--awb-caption-title-font-style:var(--h2_typography-font-style);--awb-caption-title-size:var(--h2_typography-font-size);--awb-caption-title-transform:var(--h2_typography-text-transform);--awb-caption-title-line-height:var(--h2_typography-line-height);--awb-caption-title-letter-spacing:var(--h2_typography-letter-spacing);\"><div class=\"awb-image-frame awb-image-frame-3 imageframe-liftup awb-bottomshadow\"><span class=\" fusion-imageframe imageframe-bottomshadow imageframe-3\"><a href=\"http:\/\/verlacher-hof.de\/web\/wp-content\/uploads\/2018\/02\/verlach_bus.jpg\" class=\"fusion-lightbox\" data-rel=\"iLightbox[a9b15cf5e212b8c627b]\" data-title=\"verlach_bus\" title=\"verlach_bus\"><img decoding=\"async\" width=\"1152\" height=\"648\" src=\"https:\/\/verlacher-hof.de\/web\/wp-content\/uploads\/2018\/02\/verlach_bus.jpg\" data-orig-src=\"http:\/\/verlacher-hof.de\/web\/wp-content\/uploads\/2018\/02\/verlach_bus.jpg\" alt class=\"lazyload img-responsive wp-image-173\" srcset=\"data:image\/svg+xml,%3Csvg%20xmlns%3D%27http%3A%2F%2Fwww.w3.org%2F2000%2Fsvg%27%20width%3D%271152%27%20height%3D%27648%27%20viewBox%3D%270%200%201152%20648%27%3E%3Crect%20width%3D%271152%27%20height%3D%27648%27%20fill-opacity%3D%220%22%2F%3E%3C%2Fsvg%3E\" data-srcset=\"https:\/\/verlacher-hof.de\/web\/wp-content\/uploads\/2018\/02\/verlach_bus-200x113.jpg 200w, https:\/\/verlacher-hof.de\/web\/wp-content\/uploads\/2018\/02\/verlach_bus-400x225.jpg 400w, https:\/\/verlacher-hof.de\/web\/wp-content\/uploads\/2018\/02\/verlach_bus-600x338.jpg 600w, https:\/\/verlacher-hof.de\/web\/wp-content\/uploads\/2018\/02\/verlach_bus-800x450.jpg 800w, https:\/\/verlacher-hof.de\/web\/wp-content\/uploads\/2018\/02\/verlach_bus.jpg 1152w\" data-sizes=\"auto\" data-orig-sizes=\"(max-width: 800px) 100vw, 800px\" \/><\/a><\/span><svg xmlns=\"http:\/\/www.w3.org\/2000\/svg\" version=\"1.1\" width=\"100%\" viewBox=\"0 0 600 28\" preserveAspectRatio=\"none\"><g clip-path=\"url(#a)\"><mask id=\"b\" style=\"mask-type:luminance\" maskUnits=\"userSpaceOnUse\" x=\"0\" y=\"0\" width=\"600\" height=\"28\"><path d=\"M0 0h600v28H0V0Z\" fill=\"#fff\"\/><\/mask><g filter=\"url(#c)\" mask=\"url(#b)\"><path d=\"M16.439-18.667h567.123v30.8S438.961-8.4 300-8.4C161.04-8.4 16.438 12.133 16.438 12.133v-30.8Z\" fill=\"#000\"\/><\/g><\/g><defs><clipPath id=\"a\"><path fill=\"#fff\" d=\"M0 0h600v28H0z\"\/><\/clipPath><filter id=\"c\" x=\"5.438\" y=\"-29.667\" width=\"589.123\" height=\"52.8\" filterUnits=\"userSpaceOnUse\" color-interpolation-filters=\"sRGB\"><feFlood flood-opacity=\"0\" result=\"BackgroundImageFix\"\/><feBlend in=\"SourceGraphic\" in2=\"BackgroundImageFix\" result=\"shape\"\/><feGaussianBlur stdDeviation=\"5.5\" result=\"effect1_foregroundBlur_3983_183\"\/><\/filter><\/defs><\/svg><\/div><\/div><div class=\"fusion-clearfix\"><\/div><\/div><\/div><div class=\"fusion-layout-column fusion_builder_column fusion-builder-column-7 fusion_builder_column_1_2 1_2 fusion-one-half fusion-column-last\" style=\"--awb-bg-size:cover;width:50%;width:calc(50% - ( ( 4% ) * 0.5 ) );\"><div class=\"fusion-column-wrapper fusion-flex-column-wrapper-legacy\"><div class=\"fusion-text fusion-text-4\"><h2>Alles in der N\u00e4he, gut zu erreichen.<\/h2>\n<p>Der Hof ist mit \u00d6PNV und Fahrzeugen aller Art gut erreichbar und h\u00e4lt die entsprechenden Parkm\u00f6glichkeiten bereit. In unmittelbarer N\u00e4he finden Sie f\u00fchrende Gesch\u00e4fte f\u00fcr den Reitsportbedarf und Futtermittel.<\/p>\n<p>Die n\u00e4chste Pferdeklinik ist mit dem H\u00e4nger in knapp 20 Minuten Fahrtzeit zu erreichen.<\/p>\n<\/div><div class=\"fusion-clearfix\"><\/div><\/div><\/div><\/div><\/div><div class=\"fusion-fullwidth fullwidth-box fusion-builder-row-6 hundred-percent-fullwidth non-hundred-percent-height-scrolling\" style=\"--awb-border-radius-top-left:0px;--awb-border-radius-top-right:0px;--awb-border-radius-bottom-right:0px;--awb-border-radius-bottom-left:0px;--awb-background-color:#ffffff;--awb-flex-wrap:wrap;\" ><div class=\"fusion-builder-row fusion-row\"><div class=\"fusion-layout-column fusion_builder_column fusion-builder-column-8 fusion_builder_column_1_1 1_1 fusion-one-full fusion-column-first fusion-column-last\" style=\"--awb-bg-size:cover;\"><div class=\"fusion-column-wrapper fusion-flex-column-wrapper-legacy\"><div class=\"fusion-section-separator section-separator bigtriangle fusion-section-separator-1\" style=\"--awb-spacer-height:99px;--awb-svg-margin-left:0;--awb-svg-margin-right:0;--awb-divider-height:99px;--awb-spacer-padding-top:inherit;--awb-sep-padding:0;--awb-svg-padding:0;\"><div class=\"fusion-section-separator-svg\"><svg class=\"fusion-big-triangle-candy\" xmlns=\"http:\/\/www.w3.org\/2000\/svg\" version=\"1.1\" width=\"100%\" height=\"100\" viewBox=\"0 0 100 100\" preserveAspectRatio=\"none\" fill=\"rgba(238,242,237,1)\"><path d=\"M-1 -1 L50 99 L101 -1 Z\"><\/path><\/svg><\/div><div class=\"fusion-section-separator-spacer\"><div class=\"fusion-section-separator-spacer-height\"><\/div><\/div><\/div><div class=\"fusion-clearfix\"><\/div><\/div><\/div><\/div><\/div><div class=\"fusion-fullwidth fullwidth-box fusion-builder-row-7 nonhundred-percent-fullwidth non-hundred-percent-height-scrolling\" style=\"--awb-border-radius-top-left:0px;--awb-border-radius-top-right:0px;--awb-border-radius-bottom-right:0px;--awb-border-radius-bottom-left:0px;--awb-background-color:#ffffff;--awb-flex-wrap:wrap;\" ><div class=\"fusion-builder-row fusion-row\"><div class=\"fusion-layout-column fusion_builder_column fusion-builder-column-9 fusion_builder_column_1_1 1_1 fusion-one-full fusion-column-first fusion-column-last\" style=\"--awb-bg-size:cover;\"><div class=\"fusion-column-wrapper fusion-flex-column-wrapper-legacy\"><div class=\"fusion-sep-clear\"><\/div><div class=\"fusion-separator fusion-full-width-sep\" style=\"margin-left: auto;margin-right: auto;margin-top:50px;width:100%;\"><\/div><div class=\"fusion-sep-clear\"><\/div><div class=\"fusion-clearfix\"><\/div><\/div><\/div><div class=\"fusion-layout-column fusion_builder_column fusion-builder-column-10 fusion_builder_column_1_2 1_2 fusion-one-half fusion-column-first\" style=\"--awb-bg-size:cover;width:50%;width:calc(50% - ( ( 4% ) * 0.5 ) );margin-right: 4%;\"><div class=\"fusion-column-wrapper fusion-flex-column-wrapper-legacy\"><div class=\"fusion-text fusion-text-5\"><div id=\"leistung\"><\/div>\n<h2 style=\"text-align: right;\">Unsere Leistungen<\/h2>\n<p style=\"text-align: right;\"><strong>(Grundversorgung \/ Basisleistungen)<\/strong><\/p>\n<p style=\"text-align: right;\">Kraftfutter: 3 x t\u00e4gl. Hafer \/ Pellets \/ M\u00fcslimix nach Absprache.<\/p>\n<p style=\"text-align: right;\">Hafer wird bedarfsgerecht t\u00e4gl. frisch gequetscht und entstaubt.<\/p>\n<p style=\"text-align: right;\">Raufutter: 2 x t\u00e4gl.<\/p>\n<p style=\"text-align: right;\">(Raufutter stets vor dem Kraftfutter)<\/p>\n<p style=\"text-align: right;\">Trinkwasserversorgung \u00fcber Selbsttr\u00e4nken in jeder Box. (teilw. beheizt)<\/p>\n<p style=\"text-align: right;\">T\u00e4gl. Einstreu mit Stroh.<\/p>\n<p style=\"text-align: right;\">Bei Einstreu von Sp\u00e4nen werden diese nach Absprache zur Verf\u00fcgung gestellt. (Grundversorgung 4 Ballen monatl.)<\/p>\n<p style=\"text-align: right;\">Benutzung aller auf unserer Reitsportanlage zur Verf\u00fcgung stehenden Einrichtungen. (exkl. Solarium)<\/p>\n<p style=\"text-align: right;\">Verabreichung von Medikamenten zum Kraftfutter. (falls erw\u00fcnscht)<\/p>\n<p style=\"text-align: right;\">F\u00fcr Notf\u00e4lle steht unser Pferdetransporter kostenlos zur Verf\u00fcgung.<\/p>\n<\/div><div class=\"fusion-clearfix\"><\/div><\/div><\/div><div class=\"fusion-layout-column fusion_builder_column fusion-builder-column-11 fusion_builder_column_1_2 1_2 fusion-one-half fusion-column-last\" style=\"--awb-bg-size:cover;width:50%;width:calc(50% - ( ( 4% ) * 0.5 ) );\"><div class=\"fusion-column-wrapper fusion-flex-column-wrapper-legacy\"><div class=\"fusion-text fusion-text-6\"><div id=\"wissen\"><\/div>\n<h2>Gut zu wissen&#8230;<\/h2>\n<p><strong>Gem\u00fctliche Raucher-Ecken<\/strong><\/p>\n<p>Rauchen au\u00dferhalb der eingerichteten Bereiche ist auf dem gesamten Hof strikt verboten.<\/p>\n<p><strong>Hunde an die Leine<\/strong><\/p>\n<p>Auch Hunde sind hier herzlich willkommen, allerdings sind sie auf dem gesamten Hofgel\u00e4nde an der Leine zu f\u00fchren.<\/p>\n<p><strong>Bio-Sicherheit<\/strong><\/p>\n<p>Ma\u00dfnahmen zur Fernhaltung von Krankheiten in unserem Bestand beinhalten:Gesundheitszeugnis bei Einstallung. Zur Information der Einsteller wird das Gesundheitszeugnis des neuen Pferdes f\u00fcr alle einsehbar am schwarzen Brett \/ an der Box ausgehangen.<br \/>\nEquidenpass: Ein Pferdepass mit g\u00fcltigem Influenza-Impfnachweis muss f\u00fcr jedes Pferd bei Einstallung vorgelegt werden.<\/p>\n<p>3x Wurmkur j\u00e4hrl. (oder Kotprobennachweis ).<\/p>\n<p>Die regelm\u00e4\u00dfige Beteiligung an den j\u00e4hrlichen Wurmkuren ist vorgesehen.<\/p>\n<p><strong>Haftpflichtversicherung<\/strong><\/p>\n<p>Eine Haftpflichtversicherung f\u00fcr eingestellte Pferde ist Pflicht.<\/p>\n<\/div><div class=\"fusion-clearfix\"><\/div><\/div><\/div><\/div><\/div><div class=\"fusion-fullwidth fullwidth-box fusion-builder-row-8 hundred-percent-fullwidth non-hundred-percent-height-scrolling\" style=\"--awb-border-radius-top-left:0px;--awb-border-radius-top-right:0px;--awb-border-radius-bottom-right:0px;--awb-border-radius-bottom-left:0px;--awb-background-color:#ffffff;--awb-flex-wrap:wrap;\" ><div class=\"fusion-builder-row fusion-row\"><div class=\"fusion-layout-column fusion_builder_column fusion-builder-column-12 fusion_builder_column_1_1 1_1 fusion-one-full fusion-column-first fusion-column-last\" style=\"--awb-bg-size:cover;--awb-margin-bottom:0px;\"><div class=\"fusion-column-wrapper fusion-flex-column-wrapper-legacy\"><div class=\"fusion-section-separator section-separator bigtriangle fusion-section-separator-2\" style=\"--awb-spacer-height:99px;--awb-svg-margin-left:0;--awb-svg-margin-right:0;--awb-divider-height:99px;--awb-spacer-padding-top:inherit;--awb-sep-padding:0;--awb-svg-padding:0;\"><div class=\"fusion-section-separator-svg\"><svg class=\"fusion-big-triangle-candy\" xmlns=\"http:\/\/www.w3.org\/2000\/svg\" version=\"1.1\" width=\"100%\" height=\"100\" viewBox=\"0 0 100 100\" preserveAspectRatio=\"none\" fill=\"rgba(238,242,237,1)\"><path d=\"M0 100 L50 2 L100 100 Z\"><\/path><\/svg><\/div><div class=\"fusion-section-separator-spacer\"><div class=\"fusion-section-separator-spacer-height\"><\/div><\/div><\/div><div class=\"fusion-clearfix\"><\/div><\/div><\/div><\/div><\/div><div class=\"fusion-fullwidth fullwidth-box fusion-builder-row-9 nonhundred-percent-fullwidth non-hundred-percent-height-scrolling\" style=\"--awb-border-radius-top-left:0px;--awb-border-radius-top-right:0px;--awb-border-radius-bottom-right:0px;--awb-border-radius-bottom-left:0px;--awb-flex-wrap:wrap;\" ><div class=\"fusion-builder-row fusion-row\"><div class=\"fusion-layout-column fusion_builder_column fusion-builder-column-13 fusion_builder_column_1_1 1_1 fusion-one-full fusion-column-first fusion-column-last\" style=\"--awb-bg-size:cover;\"><div class=\"fusion-column-wrapper fusion-flex-column-wrapper-legacy\"><div class=\"fusion-button-wrapper fusion-aligncenter\"><a class=\"fusion-button button-flat fusion-button-default-size button-default fusion-button-default button-1 fusion-button-default-span fusion-button-default-type bottom40\" target=\"_self\" href=\"http:\/\/verlacher-hof.de\/web\/kontakt\/\"><i class=\" fa fa-envelope-o awb-button__icon awb-button__icon--default button-icon-left\" aria-hidden=\"true\"><\/i><span class=\"fusion-button-text awb-button__text awb-button__text--default\">Kontakt<\/span><\/a><\/div><div class=\"fusion-text fusion-text-7\"><h2 style=\"text-align: center;\">M\u00f6chten Sie mehr erfahren? Haben Sie Fragen? Bitte sprechen Sie uns an.<\/h2>\n<\/div><div class=\"fusion-clearfix\"><\/div><\/div><\/div><\/div><\/div><\/p>\n","protected":false},"excerpt":{"rendered":"","protected":false},"author":1,"featured_media":0,"parent":0,"menu_order":0,"comment_status":"closed","ping_status":"closed","template":"100-width.php","meta":{"footnotes":""},"class_list":["post-12","page","type-page","status-publish","hentry"],"_links":{"self":[{"href":"https:\/\/verlacher-hof.de\/web\/wp-json\/wp\/v2\/pages\/12","targetHints":{"allow":["GET"]}}],"collection":[{"href":"https:\/\/verlacher-hof.de\/web\/wp-json\/wp\/v2\/pages"}],"about":[{"href":"https:\/\/verlacher-hof.de\/web\/wp-json\/wp\/v2\/types\/page"}],"author":[{"embeddable":true,"href":"https:\/\/verlacher-hof.de\/web\/wp-json\/wp\/v2\/users\/1"}],"replies":[{"embeddable":true,"href":"https:\/\/verlacher-hof.de\/web\/wp-json\/wp\/v2\/comments?post=12"}],"version-history":[{"count":57,"href":"https:\/\/verlacher-hof.de\/web\/wp-json\/wp\/v2\/pages\/12\/revisions"}],"predecessor-version":[{"id":863,"href":"https:\/\/verlacher-hof.de\/web\/wp-json\/wp\/v2\/pages\/12\/revisions\/863"}],"wp:attachment":[{"href":"https:\/\/verlacher-hof.de\/web\/wp-json\/wp\/v2\/media?parent=12"}],"curies":[{"name":"wp","href":"https:\/\/api.w.org\/{rel}","templated":true}]}}