{"id":6,"date":"2018-02-08T15:12:41","date_gmt":"2018-02-08T14:12:41","guid":{"rendered":"http:\/\/verlacher-hof.de\/web\/?page_id=6"},"modified":"2025-12-02T07:48:17","modified_gmt":"2025-12-02T06:48:17","slug":"startseite","status":"publish","type":"page","link":"https:\/\/verlacher-hof.de\/web\/","title":{"rendered":"Startseite"},"content":{"rendered":"<p><div class=\"fusion-fullwidth fullwidth-box fusion-builder-row-1 nonhundred-percent-fullwidth non-hundred-percent-height-scrolling\" style=\"background-color: rgba(255,255,255,0);background-position: center center;background-repeat: no-repeat;padding-top:0px;padding-right:0px;padding-bottom:0px;padding-left:0px;margin-top: 50px;border-width: 0px 0px 0px 0px;border-color:#eae9e9;border-style:solid;\" ><div class=\"fusion-builder-row fusion-row\"><div class=\"fusion-layout-column fusion_builder_column fusion-builder-column-0 fusion_builder_column_1_1 1_1 fusion-one-full fusion-column-first fusion-column-last\" style=\"margin-top:0px;margin-bottom:0px;\"><div class=\"fusion-column-wrapper fusion-flex-column-wrapper-legacy\" style=\"background-position:left top;background-repeat:no-repeat;-webkit-background-size:cover;-moz-background-size:cover;-o-background-size:cover;background-size:cover;padding: 0px 0px 0px 0px;\"><div class=\"fusion-text fusion-text-1\" style=\"transform:translate3d(0,0,0);\"><h1 style=\"text-align: center;\">Herzlich Willkommen!<\/h1>\n<\/div><div class=\"fusion-sep-clear\"><\/div><div class=\"fusion-separator fusion-full-width-sep\" style=\"margin-left: auto;margin-right: auto;margin-top:50px;width:100%;\"><\/div><div class=\"fusion-sep-clear\"><\/div><div class=\"fusion-builder-row fusion-builder-row-inner fusion-row\"><div class=\"fusion-layout-column fusion_builder_column_inner fusion-builder-nested-column-0 fusion_builder_column_inner_1_3 1_3 fusion-one-third fusion-column-first\" style=\"width:33.333333333333%;width:calc(33.333333333333% - ( ( 4% + 4% ) * 0.33333333333333 ) );margin-right: 4%;margin-top:0px;margin-bottom:20px;\"><div class=\"fusion-column-wrapper fusion-flex-column-wrapper-legacy\" style=\"background-position:left top;background-repeat:no-repeat;-webkit-background-size:cover;-moz-background-size:cover;-o-background-size:cover;background-size:cover;padding: 0px 0px 0px 0px;\"><div class=\"fusion-text fusion-text-2\" style=\"transform:translate3d(0,0,0);\"><p style=\"text-align: right;\">Sch\u00f6n, dass Sie sich f\u00fcr unsere Reitsportanlage Verlacher Hof interessieren. Der Hof ist seit \u00fcber 100 Jahren in Privatbesitz und wird heute in der vierten Generation als Familienbetrieb von Matthias Budinsky mit seinem Team bewirtschaftet.<\/p>\n<\/div><div class=\"fusion-clearfix\"><\/div><\/div><\/div><div class=\"fusion-layout-column fusion_builder_column_inner fusion-builder-nested-column-1 fusion_builder_column_inner_1_3 1_3 fusion-one-third\" style=\"width:33.333333333333%;width:calc(33.333333333333% - ( ( 4% + 4% ) * 0.33333333333333 ) );margin-right: 4%;margin-top:0px;margin-bottom:20px;\"><div class=\"fusion-column-wrapper fusion-flex-column-wrapper-legacy\" style=\"background-position:left top;background-repeat:no-repeat;-webkit-background-size:cover;-moz-background-size:cover;-o-background-size:cover;background-size:cover;padding: 0px 0px 0px 0px;\"><div class=\"imageframe-align-center\"><div class=\"imageframe-liftup fusion-image-frame-bottomshadow image-frame-shadow-1\"><style>.element-bottomshadow.imageframe-1:before, .element-bottomshadow.imageframe-1:after{-webkit-box-shadow: 0 17px 10px rgba(0,0,0,0.4);box-shadow: 0 17px 10px rgba(0,0,0,0.4);}<\/style><span class=\" fusion-imageframe imageframe-bottomshadow imageframe-1 element-bottomshadow\"><a href=\"http:\/\/verlacher-hof.de\/web\/wp-content\/uploads\/2018\/02\/verlach_willkommen_figuren_quer.jpg\" class=\"fusion-lightbox\" data-rel=\"iLightbox[ee9ab8c13eae0472597]\" data-title=\"verlach_willkommen_figuren_quer\" title=\"verlach_willkommen_figuren_quer\"><img width=\"728\" height=\"510\" src=\"https:\/\/verlacher-hof.de\/web\/wp-content\/uploads\/2018\/02\/verlach_willkommen_figuren_quer.jpg\" data-orig-src=\"http:\/\/verlacher-hof.de\/web\/wp-content\/uploads\/2018\/02\/verlach_willkommen_figuren_quer.jpg\" class=\"lazyload img-responsive wp-image-123\" srcset=\"data:image\/svg+xml,%3Csvg%20xmlns%3D%27http%3A%2F%2Fwww.w3.org%2F2000%2Fsvg%27%20width%3D%27728%27%20height%3D%27510%27%20viewBox%3D%270%200%20728%20510%27%3E%3Crect%20width%3D%27728%27%20height%3D%273510%27%20fill-opacity%3D%220%22%2F%3E%3C%2Fsvg%3E\" data-srcset=\"https:\/\/verlacher-hof.de\/web\/wp-content\/uploads\/2018\/02\/verlach_willkommen_figuren_quer-200x140.jpg 200w, https:\/\/verlacher-hof.de\/web\/wp-content\/uploads\/2018\/02\/verlach_willkommen_figuren_quer-400x280.jpg 400w, https:\/\/verlacher-hof.de\/web\/wp-content\/uploads\/2018\/02\/verlach_willkommen_figuren_quer-600x420.jpg 600w, https:\/\/verlacher-hof.de\/web\/wp-content\/uploads\/2018\/02\/verlach_willkommen_figuren_quer.jpg 728w\" data-sizes=\"auto\" data-orig-sizes=\"(max-width: 800px) 100vw, 400px\" \/><\/a><\/span><\/div><\/div><div class=\"fusion-clearfix\"><\/div><\/div><\/div><div class=\"fusion-layout-column fusion_builder_column_inner fusion-builder-nested-column-2 fusion_builder_column_inner_1_3 1_3 fusion-one-third fusion-column-last\" style=\"width:33.333333333333%;width:calc(33.333333333333% - ( ( 4% + 4% ) * 0.33333333333333 ) );margin-top:0px;margin-bottom:20px;\"><div class=\"fusion-column-wrapper fusion-flex-column-wrapper-legacy\" style=\"background-position:left top;background-repeat:no-repeat;-webkit-background-size:cover;-moz-background-size:cover;-o-background-size:cover;background-size:cover;padding: 0px 0px 0px 0px;\"><div class=\"fusion-text fusion-text-3\" style=\"transform:translate3d(0,0,0);\"><p style=\"text-align: left;\">Im heutigen Leitbild ist der Charakter der Dienstleistung an vorderste Stelle ger\u00fcckt. Hier gilt es, durch unser Tun und Handeln zu jeder Zeit eine optimale Versorgung und Betreuung der uns anvertrauten Pferde sicherzustellen.<\/p>\n<\/div><div class=\"fusion-clearfix\"><\/div><\/div><\/div><\/div><div class=\"fusion-sep-clear\"><\/div><div class=\"fusion-separator fusion-full-width-sep\" style=\"margin-left: auto;margin-right: auto;margin-top:30px;width:100%;\"><\/div><div class=\"fusion-sep-clear\"><\/div><div class=\"fusion-text fusion-text-4\" style=\"transform:translate3d(0,0,0);\"><p style=\"text-align: center;\">Sprechen Sie uns gerne an oder vereinbaren Sie einen Besichtigungstermin.<\/p>\n<\/div><div class=\"fusion-aligncenter\"><style type=\"text\/css\">.fusion-button.button-1 {border-radius:25px;}<\/style><a class=\"fusion-button button-flat button-xlarge button-default button-1 fusion-button-default-span fusion-button-default-type fusion-animated button20\" data-animationType=\"fadeInUp\" data-animationDuration=\"0.7\" data-animationOffset=\"100%\" target=\"_self\" href=\"http:\/\/verlacher-hof.de\/web\/kontakt\/\"><span class=\"fusion-button-text\">Kontakt<\/span><\/a><\/div><div class=\"fusion-sep-clear\"><\/div><div class=\"fusion-separator fusion-full-width-sep\" style=\"margin-left: auto;margin-right: auto;margin-top:30px;width:100%;\"><\/div><div class=\"fusion-sep-clear\"><\/div><div class=\"fusion-text fusion-text-5\" style=\"transform:translate3d(0,0,0);\"><p style=\"text-align: center;\">Das langj\u00e4hrig eingespielte Team vom Verlacher Hof freut sich auf Sie und ist gerne f\u00fcr Sie da.<\/p>\n<\/div><div class=\"fusion-clearfix\"><\/div><\/div><\/div><\/div><\/div><div class=\"fusion-fullwidth fullwidth-box fusion-builder-row-2 hundred-percent-fullwidth non-hundred-percent-height-scrolling\" style=\"background-color: rgba(255,255,255,0);background-position: center center;background-repeat: no-repeat;padding-top:0px;padding-right:0px;padding-bottom:0px;padding-left:0px;border-width: 0px 0px 0px 0px;border-color:#eae9e9;border-style:solid;\" ><div class=\"fusion-builder-row fusion-row\"><div class=\"fusion-layout-column fusion_builder_column fusion-builder-column-1 fusion_builder_column_1_1 1_1 fusion-one-full fusion-column-first fusion-column-last\" style=\"margin-top:0px;margin-bottom:0px;\"><div class=\"fusion-column-wrapper fusion-flex-column-wrapper-legacy\" style=\"background-position:left top;background-repeat:no-repeat;-webkit-background-size:cover;-moz-background-size:cover;-o-background-size:cover;background-size:cover;background-color:#ffffff;padding: 0px 5% 0px 5%;\"><div class=\"fusion-sep-clear\"><\/div><div class=\"fusion-separator fusion-full-width-sep\" style=\"margin-left: auto;margin-right: auto;margin-top:50px;width:100%;\"><\/div><div class=\"fusion-sep-clear\"><\/div><div class=\"fusion-text fusion-text-6\" style=\"transform:translate3d(0,0,0);\"><h1 style=\"text-align: center; margin-top: 0;\">Weihnachtliche Impressionen vom Verlacher Hof<\/h1>\n<\/div><div class=\"fusion-sep-clear\"><\/div><div class=\"fusion-separator fusion-full-width-sep\" style=\"margin-left: auto;margin-right: auto;margin-top:50px;width:100%;\"><\/div><div class=\"fusion-sep-clear\"><\/div><style type=\"text\/css\">.fusion-gallery-1 .fusion-gallery-image {border:0px solid #f6f6f6;}<\/style><div class=\"fusion-gallery fusion-gallery-container fusion-grid-4 fusion-columns-total-14 fusion-gallery-layout-grid fusion-gallery-1\" style=\"margin:-5px;\"><div style=\"padding:5px;\" class=\"fusion-grid-column fusion-gallery-column fusion-gallery-column-4 hover-type-zoomin\"><div class=\"fusion-gallery-image\"><a href=\"https:\/\/verlacher-hof.de\/web\/wp-content\/uploads\/2025\/12\/verlach_13.jpg\" rel=\"noreferrer\" data-rel=\"iLightbox[gallery_image_1]\" class=\"fusion-lightbox\" target=\"_self\"><img src=\"https:\/\/verlacher-hof.de\/web\/wp-content\/uploads\/2025\/12\/verlach_13.jpg\" data-orig-src=\"https:\/\/verlacher-hof.de\/web\/wp-content\/uploads\/2025\/12\/verlach_13.jpg\" width=\"2000\" height=\"1500\" alt=\"\" title=\"verlach_13\" aria-label=\"verlach_13\" class=\"lazyload img-responsive wp-image-873\" srcset=\"data:image\/svg+xml,%3Csvg%20xmlns%3D%27http%3A%2F%2Fwww.w3.org%2F2000%2Fsvg%27%20width%3D%272000%27%20height%3D%271500%27%20viewBox%3D%270%200%202000%201500%27%3E%3Crect%20width%3D%272000%27%20height%3D%2731500%27%20fill-opacity%3D%220%22%2F%3E%3C%2Fsvg%3E\" data-srcset=\"https:\/\/verlacher-hof.de\/web\/wp-content\/uploads\/2025\/12\/verlach_13-200x150.jpg 200w, https:\/\/verlacher-hof.de\/web\/wp-content\/uploads\/2025\/12\/verlach_13-400x300.jpg 400w, https:\/\/verlacher-hof.de\/web\/wp-content\/uploads\/2025\/12\/verlach_13-600x450.jpg 600w, https:\/\/verlacher-hof.de\/web\/wp-content\/uploads\/2025\/12\/verlach_13-800x600.jpg 800w, https:\/\/verlacher-hof.de\/web\/wp-content\/uploads\/2025\/12\/verlach_13-1200x900.jpg 1200w, https:\/\/verlacher-hof.de\/web\/wp-content\/uploads\/2025\/12\/verlach_13.jpg 2000w\" data-sizes=\"auto\" data-orig-sizes=\"(min-width: 2200px) 100vw, (min-width: 856px) 309px, (min-width: 784px) 412px, (min-width: 712px) 618px, (min-width: 640px) 712px, \" \/><\/a><\/div><\/div><div style=\"padding:5px;\" class=\"fusion-grid-column fusion-gallery-column fusion-gallery-column-4 hover-type-zoomin\"><div class=\"fusion-gallery-image\"><a href=\"https:\/\/verlacher-hof.de\/web\/wp-content\/uploads\/2025\/12\/verlach_12.jpg\" rel=\"noreferrer\" data-rel=\"iLightbox[gallery_image_1]\" class=\"fusion-lightbox\" target=\"_self\"><img src=\"https:\/\/verlacher-hof.de\/web\/wp-content\/uploads\/2025\/12\/verlach_12.jpg\" data-orig-src=\"https:\/\/verlacher-hof.de\/web\/wp-content\/uploads\/2025\/12\/verlach_12.jpg\" width=\"2000\" height=\"1500\" alt=\"\" title=\"verlach_12\" aria-label=\"verlach_12\" class=\"lazyload img-responsive wp-image-872\" srcset=\"data:image\/svg+xml,%3Csvg%20xmlns%3D%27http%3A%2F%2Fwww.w3.org%2F2000%2Fsvg%27%20width%3D%272000%27%20height%3D%271500%27%20viewBox%3D%270%200%202000%201500%27%3E%3Crect%20width%3D%272000%27%20height%3D%2731500%27%20fill-opacity%3D%220%22%2F%3E%3C%2Fsvg%3E\" data-srcset=\"https:\/\/verlacher-hof.de\/web\/wp-content\/uploads\/2025\/12\/verlach_12-200x150.jpg 200w, https:\/\/verlacher-hof.de\/web\/wp-content\/uploads\/2025\/12\/verlach_12-400x300.jpg 400w, https:\/\/verlacher-hof.de\/web\/wp-content\/uploads\/2025\/12\/verlach_12-600x450.jpg 600w, https:\/\/verlacher-hof.de\/web\/wp-content\/uploads\/2025\/12\/verlach_12-800x600.jpg 800w, https:\/\/verlacher-hof.de\/web\/wp-content\/uploads\/2025\/12\/verlach_12-1200x900.jpg 1200w, https:\/\/verlacher-hof.de\/web\/wp-content\/uploads\/2025\/12\/verlach_12.jpg 2000w\" data-sizes=\"auto\" data-orig-sizes=\"(min-width: 2200px) 100vw, (min-width: 856px) 309px, (min-width: 784px) 412px, (min-width: 712px) 618px, (min-width: 640px) 712px, \" \/><\/a><\/div><\/div><div style=\"padding:5px;\" class=\"fusion-grid-column fusion-gallery-column fusion-gallery-column-4 hover-type-zoomin\"><div class=\"fusion-gallery-image\"><a href=\"https:\/\/verlacher-hof.de\/web\/wp-content\/uploads\/2025\/12\/verlach_11.jpg\" rel=\"noreferrer\" data-rel=\"iLightbox[gallery_image_1]\" class=\"fusion-lightbox\" target=\"_self\"><img src=\"https:\/\/verlacher-hof.de\/web\/wp-content\/uploads\/2025\/12\/verlach_11.jpg\" data-orig-src=\"https:\/\/verlacher-hof.de\/web\/wp-content\/uploads\/2025\/12\/verlach_11.jpg\" width=\"2000\" height=\"1500\" alt=\"\" title=\"verlach_11\" aria-label=\"verlach_11\" class=\"lazyload img-responsive wp-image-871\" srcset=\"data:image\/svg+xml,%3Csvg%20xmlns%3D%27http%3A%2F%2Fwww.w3.org%2F2000%2Fsvg%27%20width%3D%272000%27%20height%3D%271500%27%20viewBox%3D%270%200%202000%201500%27%3E%3Crect%20width%3D%272000%27%20height%3D%2731500%27%20fill-opacity%3D%220%22%2F%3E%3C%2Fsvg%3E\" data-srcset=\"https:\/\/verlacher-hof.de\/web\/wp-content\/uploads\/2025\/12\/verlach_11-200x150.jpg 200w, https:\/\/verlacher-hof.de\/web\/wp-content\/uploads\/2025\/12\/verlach_11-400x300.jpg 400w, https:\/\/verlacher-hof.de\/web\/wp-content\/uploads\/2025\/12\/verlach_11-600x450.jpg 600w, https:\/\/verlacher-hof.de\/web\/wp-content\/uploads\/2025\/12\/verlach_11-800x600.jpg 800w, https:\/\/verlacher-hof.de\/web\/wp-content\/uploads\/2025\/12\/verlach_11-1200x900.jpg 1200w, https:\/\/verlacher-hof.de\/web\/wp-content\/uploads\/2025\/12\/verlach_11.jpg 2000w\" data-sizes=\"auto\" data-orig-sizes=\"(min-width: 2200px) 100vw, (min-width: 856px) 309px, (min-width: 784px) 412px, (min-width: 712px) 618px, (min-width: 640px) 712px, \" \/><\/a><\/div><\/div><div style=\"padding:5px;\" class=\"fusion-grid-column fusion-gallery-column fusion-gallery-column-4 hover-type-zoomin\"><div class=\"fusion-gallery-image\"><a href=\"https:\/\/verlacher-hof.de\/web\/wp-content\/uploads\/2025\/12\/verlach_10.jpg\" rel=\"noreferrer\" data-rel=\"iLightbox[gallery_image_1]\" class=\"fusion-lightbox\" target=\"_self\"><img src=\"https:\/\/verlacher-hof.de\/web\/wp-content\/uploads\/2025\/12\/verlach_10.jpg\" data-orig-src=\"https:\/\/verlacher-hof.de\/web\/wp-content\/uploads\/2025\/12\/verlach_10.jpg\" width=\"2000\" height=\"1500\" alt=\"\" title=\"verlach_10\" aria-label=\"verlach_10\" class=\"lazyload img-responsive wp-image-870\" srcset=\"data:image\/svg+xml,%3Csvg%20xmlns%3D%27http%3A%2F%2Fwww.w3.org%2F2000%2Fsvg%27%20width%3D%272000%27%20height%3D%271500%27%20viewBox%3D%270%200%202000%201500%27%3E%3Crect%20width%3D%272000%27%20height%3D%2731500%27%20fill-opacity%3D%220%22%2F%3E%3C%2Fsvg%3E\" data-srcset=\"https:\/\/verlacher-hof.de\/web\/wp-content\/uploads\/2025\/12\/verlach_10-200x150.jpg 200w, https:\/\/verlacher-hof.de\/web\/wp-content\/uploads\/2025\/12\/verlach_10-400x300.jpg 400w, https:\/\/verlacher-hof.de\/web\/wp-content\/uploads\/2025\/12\/verlach_10-600x450.jpg 600w, https:\/\/verlacher-hof.de\/web\/wp-content\/uploads\/2025\/12\/verlach_10-800x600.jpg 800w, https:\/\/verlacher-hof.de\/web\/wp-content\/uploads\/2025\/12\/verlach_10-1200x900.jpg 1200w, https:\/\/verlacher-hof.de\/web\/wp-content\/uploads\/2025\/12\/verlach_10.jpg 2000w\" data-sizes=\"auto\" data-orig-sizes=\"(min-width: 2200px) 100vw, (min-width: 856px) 309px, (min-width: 784px) 412px, (min-width: 712px) 618px, (min-width: 640px) 712px, \" \/><\/a><\/div><\/div><div class=\"clearfix\"><\/div><div style=\"padding:5px;\" class=\"fusion-grid-column fusion-gallery-column fusion-gallery-column-4 hover-type-zoomin\"><div class=\"fusion-gallery-image\"><a href=\"https:\/\/verlacher-hof.de\/web\/wp-content\/uploads\/2025\/12\/verlach_9.jpg\" rel=\"noreferrer\" data-rel=\"iLightbox[gallery_image_1]\" class=\"fusion-lightbox\" target=\"_self\"><img src=\"https:\/\/verlacher-hof.de\/web\/wp-content\/uploads\/2025\/12\/verlach_9.jpg\" data-orig-src=\"https:\/\/verlacher-hof.de\/web\/wp-content\/uploads\/2025\/12\/verlach_9.jpg\" width=\"2000\" height=\"1500\" alt=\"\" title=\"verlach_9\" aria-label=\"verlach_9\" class=\"lazyload img-responsive wp-image-869\" srcset=\"data:image\/svg+xml,%3Csvg%20xmlns%3D%27http%3A%2F%2Fwww.w3.org%2F2000%2Fsvg%27%20width%3D%272000%27%20height%3D%271500%27%20viewBox%3D%270%200%202000%201500%27%3E%3Crect%20width%3D%272000%27%20height%3D%2731500%27%20fill-opacity%3D%220%22%2F%3E%3C%2Fsvg%3E\" data-srcset=\"https:\/\/verlacher-hof.de\/web\/wp-content\/uploads\/2025\/12\/verlach_9-200x150.jpg 200w, https:\/\/verlacher-hof.de\/web\/wp-content\/uploads\/2025\/12\/verlach_9-400x300.jpg 400w, https:\/\/verlacher-hof.de\/web\/wp-content\/uploads\/2025\/12\/verlach_9-600x450.jpg 600w, https:\/\/verlacher-hof.de\/web\/wp-content\/uploads\/2025\/12\/verlach_9-800x600.jpg 800w, https:\/\/verlacher-hof.de\/web\/wp-content\/uploads\/2025\/12\/verlach_9-1200x900.jpg 1200w, https:\/\/verlacher-hof.de\/web\/wp-content\/uploads\/2025\/12\/verlach_9.jpg 2000w\" data-sizes=\"auto\" data-orig-sizes=\"(min-width: 2200px) 100vw, (min-width: 856px) 309px, (min-width: 784px) 412px, (min-width: 712px) 618px, (min-width: 640px) 712px, \" \/><\/a><\/div><\/div><div style=\"padding:5px;\" class=\"fusion-grid-column fusion-gallery-column fusion-gallery-column-4 hover-type-zoomin\"><div class=\"fusion-gallery-image\"><a href=\"https:\/\/verlacher-hof.de\/web\/wp-content\/uploads\/2025\/12\/verlach_6.jpg\" rel=\"noreferrer\" data-rel=\"iLightbox[gallery_image_1]\" class=\"fusion-lightbox\" target=\"_self\"><img src=\"https:\/\/verlacher-hof.de\/web\/wp-content\/uploads\/2025\/12\/verlach_6.jpg\" data-orig-src=\"https:\/\/verlacher-hof.de\/web\/wp-content\/uploads\/2025\/12\/verlach_6.jpg\" width=\"2000\" height=\"1500\" alt=\"\" title=\"verlach_6\" aria-label=\"verlach_6\" class=\"lazyload img-responsive wp-image-881\" srcset=\"data:image\/svg+xml,%3Csvg%20xmlns%3D%27http%3A%2F%2Fwww.w3.org%2F2000%2Fsvg%27%20width%3D%272000%27%20height%3D%271500%27%20viewBox%3D%270%200%202000%201500%27%3E%3Crect%20width%3D%272000%27%20height%3D%2731500%27%20fill-opacity%3D%220%22%2F%3E%3C%2Fsvg%3E\" data-srcset=\"https:\/\/verlacher-hof.de\/web\/wp-content\/uploads\/2025\/12\/verlach_6-200x150.jpg 200w, https:\/\/verlacher-hof.de\/web\/wp-content\/uploads\/2025\/12\/verlach_6-400x300.jpg 400w, https:\/\/verlacher-hof.de\/web\/wp-content\/uploads\/2025\/12\/verlach_6-600x450.jpg 600w, https:\/\/verlacher-hof.de\/web\/wp-content\/uploads\/2025\/12\/verlach_6-800x600.jpg 800w, https:\/\/verlacher-hof.de\/web\/wp-content\/uploads\/2025\/12\/verlach_6-1200x900.jpg 1200w, https:\/\/verlacher-hof.de\/web\/wp-content\/uploads\/2025\/12\/verlach_6.jpg 2000w\" data-sizes=\"auto\" data-orig-sizes=\"(min-width: 2200px) 100vw, (min-width: 856px) 309px, (min-width: 784px) 412px, (min-width: 712px) 618px, (min-width: 640px) 712px, \" \/><\/a><\/div><\/div><div style=\"padding:5px;\" class=\"fusion-grid-column fusion-gallery-column fusion-gallery-column-4 hover-type-zoomin\"><div class=\"fusion-gallery-image\"><a href=\"https:\/\/verlacher-hof.de\/web\/wp-content\/uploads\/2025\/12\/verlach_5.jpg\" rel=\"noreferrer\" data-rel=\"iLightbox[gallery_image_1]\" class=\"fusion-lightbox\" target=\"_self\"><img src=\"https:\/\/verlacher-hof.de\/web\/wp-content\/uploads\/2025\/12\/verlach_5.jpg\" data-orig-src=\"https:\/\/verlacher-hof.de\/web\/wp-content\/uploads\/2025\/12\/verlach_5.jpg\" width=\"2000\" height=\"1500\" alt=\"\" title=\"verlach_5\" aria-label=\"verlach_5\" class=\"lazyload img-responsive wp-image-880\" srcset=\"data:image\/svg+xml,%3Csvg%20xmlns%3D%27http%3A%2F%2Fwww.w3.org%2F2000%2Fsvg%27%20width%3D%272000%27%20height%3D%271500%27%20viewBox%3D%270%200%202000%201500%27%3E%3Crect%20width%3D%272000%27%20height%3D%2731500%27%20fill-opacity%3D%220%22%2F%3E%3C%2Fsvg%3E\" data-srcset=\"https:\/\/verlacher-hof.de\/web\/wp-content\/uploads\/2025\/12\/verlach_5-200x150.jpg 200w, https:\/\/verlacher-hof.de\/web\/wp-content\/uploads\/2025\/12\/verlach_5-400x300.jpg 400w, https:\/\/verlacher-hof.de\/web\/wp-content\/uploads\/2025\/12\/verlach_5-600x450.jpg 600w, https:\/\/verlacher-hof.de\/web\/wp-content\/uploads\/2025\/12\/verlach_5-800x600.jpg 800w, https:\/\/verlacher-hof.de\/web\/wp-content\/uploads\/2025\/12\/verlach_5-1200x900.jpg 1200w, https:\/\/verlacher-hof.de\/web\/wp-content\/uploads\/2025\/12\/verlach_5.jpg 2000w\" data-sizes=\"auto\" data-orig-sizes=\"(min-width: 2200px) 100vw, (min-width: 856px) 309px, (min-width: 784px) 412px, (min-width: 712px) 618px, (min-width: 640px) 712px, \" \/><\/a><\/div><\/div><div style=\"padding:5px;\" class=\"fusion-grid-column fusion-gallery-column fusion-gallery-column-4 hover-type-zoomin\"><div class=\"fusion-gallery-image\"><a href=\"https:\/\/verlacher-hof.de\/web\/wp-content\/uploads\/2025\/12\/verlach_4.jpg\" rel=\"noreferrer\" data-rel=\"iLightbox[gallery_image_1]\" class=\"fusion-lightbox\" target=\"_self\"><img src=\"https:\/\/verlacher-hof.de\/web\/wp-content\/uploads\/2025\/12\/verlach_4.jpg\" data-orig-src=\"https:\/\/verlacher-hof.de\/web\/wp-content\/uploads\/2025\/12\/verlach_4.jpg\" width=\"2000\" height=\"1500\" alt=\"\" title=\"verlach_4\" aria-label=\"verlach_4\" class=\"lazyload img-responsive wp-image-879\" srcset=\"data:image\/svg+xml,%3Csvg%20xmlns%3D%27http%3A%2F%2Fwww.w3.org%2F2000%2Fsvg%27%20width%3D%272000%27%20height%3D%271500%27%20viewBox%3D%270%200%202000%201500%27%3E%3Crect%20width%3D%272000%27%20height%3D%2731500%27%20fill-opacity%3D%220%22%2F%3E%3C%2Fsvg%3E\" data-srcset=\"https:\/\/verlacher-hof.de\/web\/wp-content\/uploads\/2025\/12\/verlach_4-200x150.jpg 200w, https:\/\/verlacher-hof.de\/web\/wp-content\/uploads\/2025\/12\/verlach_4-400x300.jpg 400w, https:\/\/verlacher-hof.de\/web\/wp-content\/uploads\/2025\/12\/verlach_4-600x450.jpg 600w, https:\/\/verlacher-hof.de\/web\/wp-content\/uploads\/2025\/12\/verlach_4-800x600.jpg 800w, https:\/\/verlacher-hof.de\/web\/wp-content\/uploads\/2025\/12\/verlach_4-1200x900.jpg 1200w, https:\/\/verlacher-hof.de\/web\/wp-content\/uploads\/2025\/12\/verlach_4.jpg 2000w\" data-sizes=\"auto\" data-orig-sizes=\"(min-width: 2200px) 100vw, (min-width: 856px) 309px, (min-width: 784px) 412px, (min-width: 712px) 618px, (min-width: 640px) 712px, \" \/><\/a><\/div><\/div><div class=\"clearfix\"><\/div><div style=\"padding:5px;\" class=\"fusion-grid-column fusion-gallery-column fusion-gallery-column-4 hover-type-zoomin\"><div class=\"fusion-gallery-image\"><a href=\"https:\/\/verlacher-hof.de\/web\/wp-content\/uploads\/2025\/12\/verlach_7.jpg\" rel=\"noreferrer\" data-rel=\"iLightbox[gallery_image_1]\" class=\"fusion-lightbox\" target=\"_self\"><img src=\"https:\/\/verlacher-hof.de\/web\/wp-content\/uploads\/2025\/12\/verlach_7.jpg\" data-orig-src=\"https:\/\/verlacher-hof.de\/web\/wp-content\/uploads\/2025\/12\/verlach_7.jpg\" width=\"1500\" height=\"2000\" alt=\"\" title=\"verlach_7\" aria-label=\"verlach_7\" class=\"lazyload img-responsive wp-image-868\" srcset=\"data:image\/svg+xml,%3Csvg%20xmlns%3D%27http%3A%2F%2Fwww.w3.org%2F2000%2Fsvg%27%20width%3D%271500%27%20height%3D%272000%27%20viewBox%3D%270%200%201500%202000%27%3E%3Crect%20width%3D%271500%27%20height%3D%2732000%27%20fill-opacity%3D%220%22%2F%3E%3C%2Fsvg%3E\" data-srcset=\"https:\/\/verlacher-hof.de\/web\/wp-content\/uploads\/2025\/12\/verlach_7-200x267.jpg 200w, https:\/\/verlacher-hof.de\/web\/wp-content\/uploads\/2025\/12\/verlach_7-400x533.jpg 400w, https:\/\/verlacher-hof.de\/web\/wp-content\/uploads\/2025\/12\/verlach_7-600x800.jpg 600w, https:\/\/verlacher-hof.de\/web\/wp-content\/uploads\/2025\/12\/verlach_7-800x1067.jpg 800w, https:\/\/verlacher-hof.de\/web\/wp-content\/uploads\/2025\/12\/verlach_7-1200x1600.jpg 1200w, https:\/\/verlacher-hof.de\/web\/wp-content\/uploads\/2025\/12\/verlach_7.jpg 1500w\" data-sizes=\"auto\" data-orig-sizes=\"(min-width: 2200px) 100vw, (min-width: 856px) 309px, (min-width: 784px) 412px, (min-width: 712px) 618px, (min-width: 640px) 712px, \" \/><\/a><\/div><\/div><div style=\"padding:5px;\" class=\"fusion-grid-column fusion-gallery-column fusion-gallery-column-4 hover-type-zoomin\"><div class=\"fusion-gallery-image\"><a href=\"https:\/\/verlacher-hof.de\/web\/wp-content\/uploads\/2025\/12\/verlach_3.jpg\" rel=\"noreferrer\" data-rel=\"iLightbox[gallery_image_1]\" class=\"fusion-lightbox\" target=\"_self\"><img src=\"https:\/\/verlacher-hof.de\/web\/wp-content\/uploads\/2025\/12\/verlach_3.jpg\" data-orig-src=\"https:\/\/verlacher-hof.de\/web\/wp-content\/uploads\/2025\/12\/verlach_3.jpg\" width=\"2000\" height=\"1500\" alt=\"\" title=\"verlach_3\" aria-label=\"verlach_3\" class=\"lazyload img-responsive wp-image-878\" srcset=\"data:image\/svg+xml,%3Csvg%20xmlns%3D%27http%3A%2F%2Fwww.w3.org%2F2000%2Fsvg%27%20width%3D%272000%27%20height%3D%271500%27%20viewBox%3D%270%200%202000%201500%27%3E%3Crect%20width%3D%272000%27%20height%3D%2731500%27%20fill-opacity%3D%220%22%2F%3E%3C%2Fsvg%3E\" data-srcset=\"https:\/\/verlacher-hof.de\/web\/wp-content\/uploads\/2025\/12\/verlach_3-200x150.jpg 200w, https:\/\/verlacher-hof.de\/web\/wp-content\/uploads\/2025\/12\/verlach_3-400x300.jpg 400w, https:\/\/verlacher-hof.de\/web\/wp-content\/uploads\/2025\/12\/verlach_3-600x450.jpg 600w, https:\/\/verlacher-hof.de\/web\/wp-content\/uploads\/2025\/12\/verlach_3-800x600.jpg 800w, https:\/\/verlacher-hof.de\/web\/wp-content\/uploads\/2025\/12\/verlach_3-1200x900.jpg 1200w, https:\/\/verlacher-hof.de\/web\/wp-content\/uploads\/2025\/12\/verlach_3.jpg 2000w\" data-sizes=\"auto\" data-orig-sizes=\"(min-width: 2200px) 100vw, (min-width: 856px) 309px, (min-width: 784px) 412px, (min-width: 712px) 618px, (min-width: 640px) 712px, \" \/><\/a><\/div><\/div><div style=\"padding:5px;\" class=\"fusion-grid-column fusion-gallery-column fusion-gallery-column-4 hover-type-zoomin\"><div class=\"fusion-gallery-image\"><a href=\"https:\/\/verlacher-hof.de\/web\/wp-content\/uploads\/2025\/12\/verlach_2.jpg\" rel=\"noreferrer\" data-rel=\"iLightbox[gallery_image_1]\" class=\"fusion-lightbox\" target=\"_self\"><img src=\"https:\/\/verlacher-hof.de\/web\/wp-content\/uploads\/2025\/12\/verlach_2.jpg\" data-orig-src=\"https:\/\/verlacher-hof.de\/web\/wp-content\/uploads\/2025\/12\/verlach_2.jpg\" width=\"1500\" height=\"2000\" alt=\"\" title=\"verlach_2\" aria-label=\"verlach_2\" class=\"lazyload img-responsive wp-image-877\" srcset=\"data:image\/svg+xml,%3Csvg%20xmlns%3D%27http%3A%2F%2Fwww.w3.org%2F2000%2Fsvg%27%20width%3D%271500%27%20height%3D%272000%27%20viewBox%3D%270%200%201500%202000%27%3E%3Crect%20width%3D%271500%27%20height%3D%2732000%27%20fill-opacity%3D%220%22%2F%3E%3C%2Fsvg%3E\" data-srcset=\"https:\/\/verlacher-hof.de\/web\/wp-content\/uploads\/2025\/12\/verlach_2-200x267.jpg 200w, https:\/\/verlacher-hof.de\/web\/wp-content\/uploads\/2025\/12\/verlach_2-400x533.jpg 400w, https:\/\/verlacher-hof.de\/web\/wp-content\/uploads\/2025\/12\/verlach_2-600x800.jpg 600w, https:\/\/verlacher-hof.de\/web\/wp-content\/uploads\/2025\/12\/verlach_2-800x1067.jpg 800w, https:\/\/verlacher-hof.de\/web\/wp-content\/uploads\/2025\/12\/verlach_2-1200x1600.jpg 1200w, https:\/\/verlacher-hof.de\/web\/wp-content\/uploads\/2025\/12\/verlach_2.jpg 1500w\" data-sizes=\"auto\" data-orig-sizes=\"(min-width: 2200px) 100vw, (min-width: 856px) 309px, (min-width: 784px) 412px, (min-width: 712px) 618px, (min-width: 640px) 712px, \" \/><\/a><\/div><\/div><div style=\"padding:5px;\" class=\"fusion-grid-column fusion-gallery-column fusion-gallery-column-4 hover-type-zoomin\"><div class=\"fusion-gallery-image\"><a href=\"https:\/\/verlacher-hof.de\/web\/wp-content\/uploads\/2025\/12\/verlach_1.jpg\" rel=\"noreferrer\" data-rel=\"iLightbox[gallery_image_1]\" class=\"fusion-lightbox\" target=\"_self\"><img src=\"https:\/\/verlacher-hof.de\/web\/wp-content\/uploads\/2025\/12\/verlach_1.jpg\" data-orig-src=\"https:\/\/verlacher-hof.de\/web\/wp-content\/uploads\/2025\/12\/verlach_1.jpg\" width=\"2000\" height=\"1500\" alt=\"\" title=\"verlach_1\" aria-label=\"verlach_1\" class=\"lazyload img-responsive wp-image-876\" srcset=\"data:image\/svg+xml,%3Csvg%20xmlns%3D%27http%3A%2F%2Fwww.w3.org%2F2000%2Fsvg%27%20width%3D%272000%27%20height%3D%271500%27%20viewBox%3D%270%200%202000%201500%27%3E%3Crect%20width%3D%272000%27%20height%3D%2731500%27%20fill-opacity%3D%220%22%2F%3E%3C%2Fsvg%3E\" data-srcset=\"https:\/\/verlacher-hof.de\/web\/wp-content\/uploads\/2025\/12\/verlach_1-200x150.jpg 200w, https:\/\/verlacher-hof.de\/web\/wp-content\/uploads\/2025\/12\/verlach_1-400x300.jpg 400w, https:\/\/verlacher-hof.de\/web\/wp-content\/uploads\/2025\/12\/verlach_1-600x450.jpg 600w, https:\/\/verlacher-hof.de\/web\/wp-content\/uploads\/2025\/12\/verlach_1-800x600.jpg 800w, https:\/\/verlacher-hof.de\/web\/wp-content\/uploads\/2025\/12\/verlach_1-1200x900.jpg 1200w, https:\/\/verlacher-hof.de\/web\/wp-content\/uploads\/2025\/12\/verlach_1.jpg 2000w\" data-sizes=\"auto\" data-orig-sizes=\"(min-width: 2200px) 100vw, (min-width: 856px) 309px, (min-width: 784px) 412px, (min-width: 712px) 618px, (min-width: 640px) 712px, \" \/><\/a><\/div><\/div><div class=\"clearfix\"><\/div><div style=\"padding:5px;\" class=\"fusion-grid-column fusion-gallery-column fusion-gallery-column-4 hover-type-zoomin\"><div class=\"fusion-gallery-image\"><a href=\"https:\/\/verlacher-hof.de\/web\/wp-content\/uploads\/2025\/12\/verlach_15.jpg\" rel=\"noreferrer\" data-rel=\"iLightbox[gallery_image_1]\" class=\"fusion-lightbox\" target=\"_self\"><img src=\"https:\/\/verlacher-hof.de\/web\/wp-content\/uploads\/2025\/12\/verlach_15.jpg\" data-orig-src=\"https:\/\/verlacher-hof.de\/web\/wp-content\/uploads\/2025\/12\/verlach_15.jpg\" width=\"1500\" height=\"2000\" alt=\"\" title=\"verlach_15\" aria-label=\"verlach_15\" class=\"lazyload img-responsive wp-image-875\" srcset=\"data:image\/svg+xml,%3Csvg%20xmlns%3D%27http%3A%2F%2Fwww.w3.org%2F2000%2Fsvg%27%20width%3D%271500%27%20height%3D%272000%27%20viewBox%3D%270%200%201500%202000%27%3E%3Crect%20width%3D%271500%27%20height%3D%2732000%27%20fill-opacity%3D%220%22%2F%3E%3C%2Fsvg%3E\" data-srcset=\"https:\/\/verlacher-hof.de\/web\/wp-content\/uploads\/2025\/12\/verlach_15-200x267.jpg 200w, https:\/\/verlacher-hof.de\/web\/wp-content\/uploads\/2025\/12\/verlach_15-400x533.jpg 400w, https:\/\/verlacher-hof.de\/web\/wp-content\/uploads\/2025\/12\/verlach_15-600x800.jpg 600w, https:\/\/verlacher-hof.de\/web\/wp-content\/uploads\/2025\/12\/verlach_15-800x1067.jpg 800w, https:\/\/verlacher-hof.de\/web\/wp-content\/uploads\/2025\/12\/verlach_15-1200x1600.jpg 1200w, https:\/\/verlacher-hof.de\/web\/wp-content\/uploads\/2025\/12\/verlach_15.jpg 1500w\" data-sizes=\"auto\" data-orig-sizes=\"(min-width: 2200px) 100vw, (min-width: 856px) 309px, (min-width: 784px) 412px, (min-width: 712px) 618px, (min-width: 640px) 712px, \" \/><\/a><\/div><\/div><div style=\"padding:5px;\" class=\"fusion-grid-column fusion-gallery-column fusion-gallery-column-4 hover-type-zoomin\"><div class=\"fusion-gallery-image\"><a href=\"https:\/\/verlacher-hof.de\/web\/wp-content\/uploads\/2025\/12\/verlach_14.jpg\" rel=\"noreferrer\" data-rel=\"iLightbox[gallery_image_1]\" class=\"fusion-lightbox\" target=\"_self\"><img src=\"https:\/\/verlacher-hof.de\/web\/wp-content\/uploads\/2025\/12\/verlach_14.jpg\" data-orig-src=\"https:\/\/verlacher-hof.de\/web\/wp-content\/uploads\/2025\/12\/verlach_14.jpg\" width=\"1500\" height=\"2000\" alt=\"\" title=\"verlach_14\" aria-label=\"verlach_14\" class=\"lazyload img-responsive wp-image-874\" srcset=\"data:image\/svg+xml,%3Csvg%20xmlns%3D%27http%3A%2F%2Fwww.w3.org%2F2000%2Fsvg%27%20width%3D%271500%27%20height%3D%272000%27%20viewBox%3D%270%200%201500%202000%27%3E%3Crect%20width%3D%271500%27%20height%3D%2732000%27%20fill-opacity%3D%220%22%2F%3E%3C%2Fsvg%3E\" data-srcset=\"https:\/\/verlacher-hof.de\/web\/wp-content\/uploads\/2025\/12\/verlach_14-200x267.jpg 200w, https:\/\/verlacher-hof.de\/web\/wp-content\/uploads\/2025\/12\/verlach_14-400x533.jpg 400w, https:\/\/verlacher-hof.de\/web\/wp-content\/uploads\/2025\/12\/verlach_14-600x800.jpg 600w, https:\/\/verlacher-hof.de\/web\/wp-content\/uploads\/2025\/12\/verlach_14-800x1067.jpg 800w, https:\/\/verlacher-hof.de\/web\/wp-content\/uploads\/2025\/12\/verlach_14-1200x1600.jpg 1200w, https:\/\/verlacher-hof.de\/web\/wp-content\/uploads\/2025\/12\/verlach_14.jpg 1500w\" data-sizes=\"auto\" data-orig-sizes=\"(min-width: 2200px) 100vw, (min-width: 856px) 309px, (min-width: 784px) 412px, (min-width: 712px) 618px, (min-width: 640px) 712px, \" \/><\/a><\/div><\/div><\/div><div class=\"fusion-sep-clear\"><\/div><div class=\"fusion-separator fusion-full-width-sep\" style=\"margin-left: auto;margin-right: auto;margin-top:100px;width:100%;\"><\/div><div class=\"fusion-sep-clear\"><\/div><div class=\"fusion-clearfix\"><\/div><\/div><\/div><\/div><\/div><div id=\"aktuelles\"><div class=\"fusion-fullwidth fullwidth-box fusion-builder-row-3 nonhundred-percent-fullwidth non-hundred-percent-height-scrolling\" style=\"background-color: rgba(255,255,255,0);background-position: center center;background-repeat: no-repeat;padding-top:0px;padding-right:0px;padding-bottom:0px;padding-left:0px;margin-bottom: 0px;margin-top: 50px;border-width: 0px 0px 0px 0px;border-color:#eae9e9;border-style:solid;\" ><div class=\"fusion-builder-row fusion-row\"><div class=\"fusion-layout-column fusion_builder_column fusion-builder-column-2 fusion_builder_column_1_1 1_1 fusion-one-full fusion-column-first fusion-column-last\" style=\"margin-top:0px;margin-bottom:20px;\"><div class=\"fusion-column-wrapper fusion-flex-column-wrapper-legacy\" style=\"background-position:left top;background-repeat:no-repeat;-webkit-background-size:cover;-moz-background-size:cover;-o-background-size:cover;background-size:cover;padding: 0px 0px 0px 0px;\"><div class=\"fusion-sep-clear\"><\/div><div class=\"fusion-separator fusion-full-width-sep\" style=\"margin-left: auto;margin-right: auto;margin-top:30px;margin-bottom:80px;width:100%;\"><div class=\"fusion-separator-border sep-single sep-solid\" style=\"border-color:#592e00;border-top-width:1px;\"><\/div><\/div><div class=\"fusion-sep-clear\"><\/div><div class=\"fusion-text fusion-text-7\" style=\"transform:translate3d(0,0,0);\"><h2 style=\"text-align: center;\">Aktuelles vom Verlacher Hof<\/h2>\n<\/div><div class=\"fusion-clearfix\"><\/div><\/div><\/div><div class=\"fusion-layout-column fusion_builder_column fusion-builder-column-3 fusion_builder_column_1_2 1_2 fusion-one-half fusion-column-first\" style=\"width:50%;width:calc(50% - ( ( 4% ) * 0.5 ) );margin-right: 4%;margin-top:0px;margin-bottom:20px;\"><div class=\"fusion-column-wrapper fusion-flex-column-wrapper-legacy\" style=\"background-position:left top;background-repeat:no-repeat;-webkit-background-size:cover;-moz-background-size:cover;-o-background-size:cover;background-size:cover;padding: 0px 0px 0px 0px;\"><div class=\"fusion-text fusion-text-8\" style=\"transform:translate3d(0,0,0);\"><h3>Modernisierungen, Tierwohl und Gemeinschaft im Fokus<\/h3>\n<p>Die Meinung unserer Einsteller und vielen treuen Kunden war und ist uns immer sehr wichtig und deswegen m\u00f6chten wir die M\u00f6glichkeit nutzen hier \u00fcber den aktuellen Status des Verlacher Hofs einmal zu informieren.<\/p>\n<p>Auf unserem Hof hat sich in der letzten Zeit vieles getan und wir freuen uns sehr diese News mit Ihnen\/euch teilen zu k\u00f6nnen.<br \/>\nZuletzt haben wir z.B. im Oktober 2024 die B\u00f6den der gro\u00dfen Reithalle sowie der gro\u00dfen Longierhalle komplett erneuert. Um auch drau\u00dfen die gute Qualit\u00e4t der B\u00f6den im Au\u00dfenbereich zu sichern, werden weiterhin auf unserem Dressur- und Springplatz regelm\u00e4\u00dfig die Sandb\u00f6den mit einem Reitbahnplaner begradigt und abgezogen.<\/p>\n<p>F\u00fcr die dunkle Jahreszeit stehen neben der gro\u00dfen und kleinen Reithalle ebenfalls der Dressur- und Springplatz zur Verf\u00fcgung und k\u00f6nnen abends problemlos mit genutzt werden, da sie von Strahlern hell beleuchtet werden.<br \/>\nDa wir selbst Tierliebhaber sind, liegt uns das Tierwohl f\u00fcr jedes Pferd sehr am Herzen. Daher sind bereits an die meisten Boxen gro\u00dfe Au\u00dfen-Paddocks angeschlossen wie es heutzutage f\u00fcr die gute Haltung empfohlen wird. Im Herbst diesen Jahres haben wir gerade einen alten Stalltrakt komplett modernisiert und 5 gro\u00dfe moderne Paddockboxen eingerichtet.<\/p>\n<\/div><div class=\"fusion-clearfix\"><\/div><\/div><\/div><div class=\"fusion-layout-column fusion_builder_column fusion-builder-column-4 fusion_builder_column_1_2 1_2 fusion-one-half fusion-column-last\" style=\"width:50%;width:calc(50% - ( ( 4% ) * 0.5 ) );margin-top:0px;margin-bottom:20px;\"><div class=\"fusion-column-wrapper fusion-flex-column-wrapper-legacy\" style=\"background-position:left top;background-repeat:no-repeat;-webkit-background-size:cover;-moz-background-size:cover;-o-background-size:cover;background-size:cover;padding: 0px 0px 0px 0px;\"><span class=\" fusion-imageframe imageframe-none imageframe-2 hover-type-none\"><img width=\"1200\" height=\"1600\" title=\"WhatsApp Bild 2024-12-21 um 23.59.43_91a6643f\" src=\"https:\/\/verlacher-hof.de\/web\/wp-content\/uploads\/2024\/12\/WhatsApp-Bild-2024-12-21-um-23.59.43_91a6643f.jpg\" data-orig-src=\"http:\/\/verlacher-hof.de\/web\/wp-content\/uploads\/2024\/12\/WhatsApp-Bild-2024-12-21-um-23.59.43_91a6643f.jpg\" class=\"lazyload img-responsive wp-image-832\" srcset=\"data:image\/svg+xml,%3Csvg%20xmlns%3D%27http%3A%2F%2Fwww.w3.org%2F2000%2Fsvg%27%20width%3D%271200%27%20height%3D%271600%27%20viewBox%3D%270%200%201200%201600%27%3E%3Crect%20width%3D%271200%27%20height%3D%2731600%27%20fill-opacity%3D%220%22%2F%3E%3C%2Fsvg%3E\" data-srcset=\"https:\/\/verlacher-hof.de\/web\/wp-content\/uploads\/2024\/12\/WhatsApp-Bild-2024-12-21-um-23.59.43_91a6643f-200x267.jpg 200w, https:\/\/verlacher-hof.de\/web\/wp-content\/uploads\/2024\/12\/WhatsApp-Bild-2024-12-21-um-23.59.43_91a6643f-400x533.jpg 400w, https:\/\/verlacher-hof.de\/web\/wp-content\/uploads\/2024\/12\/WhatsApp-Bild-2024-12-21-um-23.59.43_91a6643f-600x800.jpg 600w, https:\/\/verlacher-hof.de\/web\/wp-content\/uploads\/2024\/12\/WhatsApp-Bild-2024-12-21-um-23.59.43_91a6643f-800x1067.jpg 800w, https:\/\/verlacher-hof.de\/web\/wp-content\/uploads\/2024\/12\/WhatsApp-Bild-2024-12-21-um-23.59.43_91a6643f.jpg 1200w\" data-sizes=\"auto\" data-orig-sizes=\"(max-width: 800px) 100vw, 800px\" \/><\/span><div class=\"fusion-clearfix\"><\/div><\/div><\/div><div class=\"fusion-layout-column fusion_builder_column fusion-builder-column-5 fusion_builder_column_1_2 1_2 fusion-one-half fusion-column-first\" style=\"width:50%;width:calc(50% - ( ( 4% ) * 0.5 ) );margin-right: 4%;margin-top:0px;margin-bottom:20px;\"><div class=\"fusion-column-wrapper fusion-flex-column-wrapper-legacy\" style=\"background-position:left top;background-repeat:no-repeat;-webkit-background-size:cover;-moz-background-size:cover;-o-background-size:cover;background-size:cover;padding: 0px 0px 0px 0px;\"><span class=\" fusion-imageframe imageframe-none imageframe-3 hover-type-none\"><img width=\"2048\" height=\"2048\" title=\"IMG-20241221-WA0005\" src=\"https:\/\/verlacher-hof.de\/web\/wp-content\/uploads\/2024\/12\/IMG-20241221-WA0005.jpg\" data-orig-src=\"http:\/\/verlacher-hof.de\/web\/wp-content\/uploads\/2024\/12\/IMG-20241221-WA0005.jpg\" class=\"lazyload img-responsive wp-image-834\" srcset=\"data:image\/svg+xml,%3Csvg%20xmlns%3D%27http%3A%2F%2Fwww.w3.org%2F2000%2Fsvg%27%20width%3D%272048%27%20height%3D%272048%27%20viewBox%3D%270%200%202048%202048%27%3E%3Crect%20width%3D%272048%27%20height%3D%2732048%27%20fill-opacity%3D%220%22%2F%3E%3C%2Fsvg%3E\" data-srcset=\"https:\/\/verlacher-hof.de\/web\/wp-content\/uploads\/2024\/12\/IMG-20241221-WA0005-200x200.jpg 200w, https:\/\/verlacher-hof.de\/web\/wp-content\/uploads\/2024\/12\/IMG-20241221-WA0005-400x400.jpg 400w, https:\/\/verlacher-hof.de\/web\/wp-content\/uploads\/2024\/12\/IMG-20241221-WA0005-600x600.jpg 600w, https:\/\/verlacher-hof.de\/web\/wp-content\/uploads\/2024\/12\/IMG-20241221-WA0005-800x800.jpg 800w, https:\/\/verlacher-hof.de\/web\/wp-content\/uploads\/2024\/12\/IMG-20241221-WA0005-1200x1200.jpg 1200w, https:\/\/verlacher-hof.de\/web\/wp-content\/uploads\/2024\/12\/IMG-20241221-WA0005.jpg 2048w\" data-sizes=\"auto\" data-orig-sizes=\"(max-width: 800px) 100vw, 800px\" \/><\/span><span class=\" fusion-imageframe imageframe-none imageframe-4 hover-type-none\" style=\"margin-top:20px;\"><img width=\"2000\" height=\"1500\" title=\"IMG-20241221-WA0003\" src=\"https:\/\/verlacher-hof.de\/web\/wp-content\/uploads\/2024\/12\/IMG-20241221-WA0003.jpg\" data-orig-src=\"http:\/\/verlacher-hof.de\/web\/wp-content\/uploads\/2024\/12\/IMG-20241221-WA0003.jpg\" class=\"lazyload img-responsive wp-image-833\" srcset=\"data:image\/svg+xml,%3Csvg%20xmlns%3D%27http%3A%2F%2Fwww.w3.org%2F2000%2Fsvg%27%20width%3D%272000%27%20height%3D%271500%27%20viewBox%3D%270%200%202000%201500%27%3E%3Crect%20width%3D%272000%27%20height%3D%2731500%27%20fill-opacity%3D%220%22%2F%3E%3C%2Fsvg%3E\" data-srcset=\"https:\/\/verlacher-hof.de\/web\/wp-content\/uploads\/2024\/12\/IMG-20241221-WA0003-200x150.jpg 200w, https:\/\/verlacher-hof.de\/web\/wp-content\/uploads\/2024\/12\/IMG-20241221-WA0003-400x300.jpg 400w, https:\/\/verlacher-hof.de\/web\/wp-content\/uploads\/2024\/12\/IMG-20241221-WA0003-600x450.jpg 600w, https:\/\/verlacher-hof.de\/web\/wp-content\/uploads\/2024\/12\/IMG-20241221-WA0003-800x600.jpg 800w, https:\/\/verlacher-hof.de\/web\/wp-content\/uploads\/2024\/12\/IMG-20241221-WA0003-1200x900.jpg 1200w, https:\/\/verlacher-hof.de\/web\/wp-content\/uploads\/2024\/12\/IMG-20241221-WA0003.jpg 2000w\" data-sizes=\"auto\" data-orig-sizes=\"(max-width: 800px) 100vw, 800px\" \/><\/span><div class=\"fusion-clearfix\"><\/div><\/div><\/div><div class=\"fusion-layout-column fusion_builder_column fusion-builder-column-6 fusion_builder_column_1_2 1_2 fusion-one-half fusion-column-last\" style=\"width:50%;width:calc(50% - ( ( 4% ) * 0.5 ) );margin-top:0px;margin-bottom:20px;\"><div class=\"fusion-column-wrapper fusion-flex-column-wrapper-legacy\" style=\"background-position:left top;background-repeat:no-repeat;-webkit-background-size:cover;-moz-background-size:cover;-o-background-size:cover;background-size:cover;padding: 0px 0px 0px 0px;\"><div class=\"fusion-text fusion-text-9\" style=\"transform:translate3d(0,0,0);\"><p>Neben unserer eigenen Heuproduktion, die wir seit Jahren betreiben, ist unser Anspruch bei Heu- und Strohlieferungen die h\u00f6chstm\u00f6gliche Qualit\u00e4t einzukaufen. Hier arbeiten wir schon Jahrzehnte mit zuverl\u00e4ssigen und erprobten Lieferanten zusammen. Auf Wunsch kann jeder Einsteller die eingelagerten Heu- und Strohqualit\u00e4ten nat\u00fcrlich gern auch einmal pers\u00f6nlich in Augenschein nehmen. Wir nehmen regelm\u00e4\u00dfig Qualit\u00e4tskontrollen vor und reagieren nat\u00fcrlich bei evtl. Nicht-Einhaltung unserer Qualit\u00e4tsstandards.<\/p>\n<p>Auch bei unseren Kraftfuttervariationen achten wir auf einen hohen Qualit\u00e4ts- und Hygienestandard. Unsere Haferquetsche verf\u00fcgt \u00fcber eine Entstaubungseinrichtung, der Hafer wird vor jeder Mahlzeit frisch gequetscht.<\/p>\n<p>Im Fr\u00fchjahr\/Sommer gibt es zudem die Weidezeit und ganzj\u00e4hrig stehen den Pferden Sandpaddocks zur Verf\u00fcgung. Die meisten Sandpaddocks wurden 2023 \/ 2024 saniert. 2 gro\u00dfe Paddocks haben eine eigene Heuraufe sowie Frischwasser in gro\u00dfen Tanks. Auf unserem Hof befinden sich 2 Longierhallen (\u00fcberdacht und beleuchtet) und ein Au\u00dfenlongierzirkel (20 m Durchmesser, beleuchtet). Dazu haben wir eine gro\u00dfe F\u00fchranlage mit 20 m Durchmesser, ein Pferdesolarium besonders auch f\u00fcr die kalten Tage und einen Abspritzplatz.<\/p>\n<p>Unser Stall befindet sich mitten im Wald zwischen Hilden und Solingen am Rande der sch\u00f6nen Ohligser Heide und unsere Reiter k\u00f6nnen vom Stall aus direkt auf die Reitwege ins sch\u00f6ne Gel\u00e4nde starten ohne extra Stra\u00dfen passieren zu m\u00fcssen.<\/p>\n<p>Aber nicht nur das Tierwohl ist uns wichtig, sondern auch die Menschen sollen sich bei uns wohlf\u00fchlen. Im Herbst und Winter haben wir im \u201eReiterst\u00fcbchen\u201c immer den Kaminofen an. In einer K\u00fcche kann dort auch Tee und Kaffee zubereitet werden. Au\u00dferdem dient es dem geselligen Beisammensein aller. Wir finden es sch\u00f6n, wenn wir den Menschen hier einen besonderen Ort f\u00fcr Ihr liebstes Hobby bieten k\u00f6nnen. Hunde sind dabei nat\u00fcrlich bei uns auf dem Hof auch willkommen.<\/p>\n<\/div><div class=\"fusion-clearfix\"><\/div><\/div><\/div><div class=\"fusion-layout-column fusion_builder_column fusion-builder-column-7 fusion_builder_column_1_1 1_1 fusion-one-full fusion-column-first fusion-column-last\" style=\"margin-top:0px;margin-bottom:20px;\"><div class=\"fusion-column-wrapper fusion-flex-column-wrapper-legacy\" style=\"background-position:left top;background-repeat:no-repeat;-webkit-background-size:cover;-moz-background-size:cover;-o-background-size:cover;background-size:cover;padding: 0px 0px 0px 0px;\"><div class=\"fusion-text fusion-text-10\" style=\"transform:translate3d(0,0,0);\"><p>Wir hoffen, dass die vielen Ver\u00e4nderungen und Modernisierungen positiv wahrgenommen werden. F\u00fcr weitere Anregungen und Ihre\/eure Ideen und Vorschl\u00e4ge sind wir immer mit einem offenen Ohr vor Ort und freuen uns \u00fcber ein pers\u00f6nliches Gespr\u00e4ch.<\/p>\n<p>Ihre Familie Budinsky<\/p>\n<\/div><div class=\"fusion-clearfix\"><\/div><\/div><\/div><\/div><\/div><\/div><div class=\"fusion-fullwidth fullwidth-box fusion-builder-row-4 fusion-parallax-fixed hundred-percent-fullwidth non-hundred-percent-height-scrolling lazyload\" style=\"background-color: rgba(0,0,0,0.4);background-position: center center;background-repeat: no-repeat;background-blend-mode: overlay;padding-top:0px;padding-right:0px;padding-bottom:0px;padding-left:0px;border-width: 0px 0px 0px 0px;border-color:#eae9e9;border-style:solid;-webkit-background-size:cover;-moz-background-size:cover;-o-background-size:cover;background-size:cover;background-attachment:fixed;\" data-bg=\"http:\/\/verlacher-hof.de\/web\/wp-content\/uploads\/2018\/02\/header_boxen.jpg\" ><div class=\"fusion-builder-row fusion-row\"><div class=\"fusion-layout-column fusion_builder_column fusion-builder-column-8 fusion_builder_column_1_1 1_1 fusion-one-full fusion-column-first fusion-column-last\" style=\"margin-top:0px;margin-bottom:20px;\"><div class=\"fusion-column-wrapper fusion-flex-column-wrapper-legacy\" style=\"background-position:left top;background-repeat:no-repeat;-webkit-background-size:cover;-moz-background-size:cover;-o-background-size:cover;background-size:cover;padding: 0px 0px 0px 0px;\"><div class=\"fusion-section-separator section-separator curved fusion-section-separator-1 fusion-no-small-visibility\"><div class=\"fusion-section-separator-svg\" style=\"padding:0;margin-left: 0px;margin-right: 0px;\"><svg class=\"fusion-curved-candy\" xmlns=\"http:\/\/www.w3.org\/2000\/svg\" version=\"1.1\" width=\"100%\" height=\"100\" viewBox=\"0 0 100 100\" preserveAspectRatio=\"none\" style=\"fill:#edf1ec;padding:0;\"><path d=\"M0 0 C 20 100 50 100 100 0 Z\"><\/path><\/svg><\/div><div class=\"fusion-section-separator-spacer\"><div class=\"fusion-section-separator-spacer-height\" style=\"height:99px;\"><\/div><\/div><\/div><div class=\"fusion-clearfix\"><\/div><\/div><\/div><div class=\"fusion-layout-column fusion_builder_column fusion-builder-column-9 fusion_builder_column_1_1 1_1 fusion-one-full fusion-column-first fusion-column-last\" style=\"margin-top:0px;margin-bottom:20px;\"><div class=\"fusion-column-wrapper fusion-flex-column-wrapper-legacy\" style=\"background-position:left top;background-repeat:no-repeat;-webkit-background-size:cover;-moz-background-size:cover;-o-background-size:cover;background-size:cover;padding: 80px 0px 80px 0px;\"><div class=\"fusion-text fusion-text-11\" style=\"transform:translate3d(0,0,0);\"><div class=\"header-h2\">\n<h2 style=\"text-align: center;\">Schauen Sie sich um. Unsere Anlagen finden Sie hier:<\/h2>\n<\/div>\n<\/div><div class=\"fusion-aligncenter\"><style type=\"text\/css\">.fusion-button.button-2 {border-radius:25px;}<\/style><a class=\"fusion-button button-flat button-xlarge button-default button-2 fusion-button-default-span fusion-button-default-type fusion-animated\" data-animationType=\"slideInUp\" data-animationDuration=\"0.6\" data-animationOffset=\"100%\" target=\"_self\" href=\"http:\/\/verlacher-hof.de\/web\/anlagen\/\"><span class=\"fusion-button-text\">Boxen, Hallen &amp; Pl\u00e4tze<\/span><\/a><\/div><div class=\"fusion-clearfix\"><\/div><\/div><\/div><div class=\"fusion-layout-column fusion_builder_column fusion-builder-column-10 fusion_builder_column_1_1 1_1 fusion-one-full fusion-column-first fusion-column-last\" style=\"margin-top:0px;margin-bottom:0px;\"><div class=\"fusion-column-wrapper fusion-flex-column-wrapper-legacy\" style=\"background-position:left top;background-repeat:no-repeat;-webkit-background-size:cover;-moz-background-size:cover;-o-background-size:cover;background-size:cover;padding: 0px 0px 0px 0px;\"><div class=\"fusion-section-separator section-separator curved fusion-section-separator-2 fusion-no-small-visibility\"><div class=\"fusion-section-separator-svg\" style=\"padding:0;margin-left: 0px;margin-right: 0px;\"><svg class=\"fusion-curved-candy\" xmlns=\"http:\/\/www.w3.org\/2000\/svg\" version=\"1.1\" width=\"100%\" height=\"100\" viewBox=\"0 0 100 100\" preserveAspectRatio=\"none\" style=\"fill:#ffffff;padding:0;\"><path d=\"M0 100 C 60 0 75 0 100 100 Z\"><\/path><\/svg><\/div><div class=\"fusion-section-separator-spacer\"><div class=\"fusion-section-separator-spacer-height\" style=\"height:99px;\"><\/div><\/div><\/div><div class=\"fusion-clearfix\"><\/div><\/div><\/div><\/div><\/div><div class=\"fusion-fullwidth fullwidth-box fusion-builder-row-5 nonhundred-percent-fullwidth non-hundred-percent-height-scrolling\" style=\"background-color: rgba(255,255,255,0);background-position: center center;background-repeat: no-repeat;padding-top:0px;padding-right:0px;padding-bottom:0px;padding-left:0px;margin-bottom: 0px;margin-top: 50px;border-width: 0px 0px 0px 0px;border-color:#eae9e9;border-style:solid;\" ><div class=\"fusion-builder-row fusion-row\"><div class=\"fusion-layout-column fusion_builder_column fusion-builder-column-11 fusion_builder_column_1_1 1_1 fusion-one-full fusion-column-first fusion-column-last\" style=\"margin-top:0px;margin-bottom:20px;\"><div class=\"fusion-column-wrapper fusion-flex-column-wrapper-legacy\" style=\"background-position:left top;background-repeat:no-repeat;-webkit-background-size:cover;-moz-background-size:cover;-o-background-size:cover;background-size:cover;padding: 0px 0px 0px 0px;\"><div class=\"fusion-text fusion-text-12\" style=\"transform:translate3d(0,0,0);\"><h1 style=\"text-align: center;\">Facebook<\/h1>\n<\/div><div class=\"fusion-clearfix\"><\/div><\/div><\/div><div class=\"fusion-layout-column fusion_builder_column fusion-builder-column-12 fusion_builder_column_1_1 1_1 fusion-one-full fusion-column-first fusion-column-last\" style=\"margin-top:0px;margin-bottom:20px;\"><div class=\"fusion-column-wrapper fusion-flex-column-wrapper-legacy\" style=\"background-position:left top;background-repeat:no-repeat;-webkit-background-size:cover;-moz-background-size:cover;-o-background-size:cover;background-size:cover;padding: 0px 0px 0px 0px;\"><div class=\"fusion-text fusion-text-13\" style=\"transform:translate3d(0,0,0);\"><p style=\"text-align: center;\">Den Verlacher Hof gibt es nat\u00fcrlich auch bei Facebook. Schaut \u00f6fter mal vorbei und liked unsere Seite. Wir posten Fotos, Videos und aktuelle Themen f\u00fcr Euch.<\/p>\n<\/div><div class=\"fusion-aligncenter\"><style type=\"text\/css\">.fusion-button.button-3 {border-radius:25px;}<\/style><a class=\"fusion-button button-flat button-large button-default button-3 fusion-button-default-span fusion-button-default-type fusion-animated button20\" data-animationType=\"fadeInUp\" data-animationDuration=\"0.7\" data-animationOffset=\"100%\" target=\"_blank\" rel=\"noopener noreferrer\" href=\"https:\/\/www.facebook.com\/Reitanlage-Verlacher-Hof-513877365315052\/\"><i class=\" fa fa-facebook-square button-icon-left\" aria-hidden=\"true\"><\/i><span class=\"fusion-button-text\">Facebook<\/span><\/a><\/div><div class=\"fusion-clearfix\"><\/div><\/div><\/div><\/div><\/div><\/p>\n","protected":false},"excerpt":{"rendered":"","protected":false},"author":1,"featured_media":0,"parent":0,"menu_order":0,"comment_status":"closed","ping_status":"closed","template":"100-width.php","meta":[],"_links":{"self":[{"href":"https:\/\/verlacher-hof.de\/web\/wp-json\/wp\/v2\/pages\/6"}],"collection":[{"href":"https:\/\/verlacher-hof.de\/web\/wp-json\/wp\/v2\/pages"}],"about":[{"href":"https:\/\/verlacher-hof.de\/web\/wp-json\/wp\/v2\/types\/page"}],"author":[{"embeddable":true,"href":"https:\/\/verlacher-hof.de\/web\/wp-json\/wp\/v2\/users\/1"}],"replies":[{"embeddable":true,"href":"https:\/\/verlacher-hof.de\/web\/wp-json\/wp\/v2\/comments?post=6"}],"version-history":[{"count":112,"href":"https:\/\/verlacher-hof.de\/web\/wp-json\/wp\/v2\/pages\/6\/revisions"}],"predecessor-version":[{"id":883,"href":"https:\/\/verlacher-hof.de\/web\/wp-json\/wp\/v2\/pages\/6\/revisions\/883"}],"wp:attachment":[{"href":"https:\/\/verlacher-hof.de\/web\/wp-json\/wp\/v2\/media?parent=6"}],"curies":[{"name":"wp","href":"https:\/\/api.w.org\/{rel}","templated":true}]}}